{"id":11,"date":"2019-03-04T21:52:18","date_gmt":"2019-03-04T20:52:18","guid":{"rendered":"https:\/\/2019.valencia.wordcamp.org\/location\/"},"modified":"2019-05-17T13:14:52","modified_gmt":"2019-05-17T11:14:52","slug":"ubicacion","status":"publish","type":"page","link":"https:\/\/valencia.wordcamp.org\/2019\/ubicacion\/","title":{"rendered":"Ubicaci\u00f3n"},"content":{"rendered":"\n<h1 class=\"wp-block-heading\">\u00bfD\u00f3nde se celebrar\u00e1 la WordCamp Valencia 2019?<\/h1>\n\n\n\n<p class=\"wp-block-paragraph\">Este a\u00f1o, la WordCamp Valencia 2019 se celebrar\u00e1 en el Complejo Deportivo-Cultural \u201cPetxina\u201d.<\/p>\n\n\n\n<p class=\"wp-block-paragraph\">Es un lugar emblem\u00e1tico de la ciudad, donde la Historia se mezcla con la Modernidad: se trata de la rehabilitaci\u00f3n en 2003 de un antiguo matadero municipal de finales del siglo XIX convertido a d\u00eda de hoy en uno de los centros deportivo y cultural m\u00e1s destacables de la ciudad.<\/p>\n\n\n\n<p class=\"wp-block-paragraph\">Lo que m\u00e1s mola? Su ubicaci\u00f3n perfecta al lado del cauce antiguo del r\u00edo Turia! El r\u00edo Turia es el lugar preferido de las valencianas y valencianos para hacer deporte, pasear las mascotas, jugar con los amigos, hacer picnic los domingos\u2026 Toda la ciudad est\u00e1 construida alrededor de este antiguo cauce del r\u00edo que ha sido transformado en verdadero parque verde, el pulm\u00f3n de la ciudad y el centro de la vida valenciana. Pues, la Petxina est\u00e1 ubicada al lado de este famoso parque\u2026 s\u00f3lo tienes que cruzar la calle y estar\u00e1s en pleno r\u00edo Turia!<\/p>\n\n\n\n<p class=\"wp-block-paragraph\">A continuaci\u00f3n tienes toda la informaci\u00f3n de su localizaci\u00f3n y c\u00f3mo llegar.<\/p>\n\n\n\n<p class=\"wp-block-paragraph\"><em><strong>Direcci\u00f3n<\/strong><\/em><strong>:<\/strong><br><strong>Paseo de la Petxina, 42 &#8211; 46008 VALENCIA<\/strong><\/p>\n\n\n\n<p class=\"wp-block-paragraph\"><em><strong>C\u00f3mo llegar:<\/strong><\/em><\/p>\n\n\n\n<ul class=\"wp-block-list\"><li>Metro: L1 &#8211; L2 (T\u00faria) \/ L1 &#8211; L2 &#8211; L3 &#8211; L5 &#8211; L9 (\u00c0ngel Guimer\u00e0)<\/li><li>Bus: 2 &#8211; 29 &#8211; 60 &#8211; 62 &#8211; 63 &#8211; 64 &#8211; 67 &#8211; 73 &#8211; 79 &#8211; 80 &#8211; 89 &#8211; 90 &#8211; 99 &#8211; 95 &#8211; N3 &#8211; N4 &#8211; N89 &#8211; N90<\/li><li>Valenbisi: Estaci\u00f3n n\u00ba 19: C\/ Juan Llorens con C\/ Quart, Estaci\u00f3n n\u00ba 20: Gran v\u00eda Fernando El Cat\u00f3lico con C\/ Quart. Estaci\u00f3n n\u00ba 143: Avda. Men\u00e9ndez Pidal cruce Avda. Pio XII (Nuevo Centro), Estaci\u00f3n n\u00ba 144: C\/ Marqu\u00e9s de San Juan con C\/ Diputat Llu\u00eds Luc\u00eda, Estaci\u00f3n n\u00ba 202: Paseo de la Petxina cruce con C\/ Teruel, Estaci\u00f3n n\u00ba 222: C\/ Maestro Rodrigo con C\/ Manuel de Falla, Estaci\u00f3n 220 Cast\u00e1n Tobe\u00f1as &#8211; Patriques, Estaci\u00f3n N\u00ba 201 C\/ Perez Gald\u00f3s &#8211; Nou Moles<\/li><li>En tren: Estaci\u00f3n del Norte (y luego autob\u00fas, metro, Valenbisi)<\/li><li>En coche: Zona libre de estacionamiento regulado. Hay parkings cercanos disponibles.<\/li><\/ul>\n\n\n\n<div class=\"googlemaps\">\n\t\t\t\t<iframe loading=\"lazy\" width=\"900\" height=\"450\" frameborder=\"0\" scrolling=\"no\" marginheight=\"0\" marginwidth=\"0\"  src=\"https:\/\/www.google.com\/maps\/embed?pb=!1m18!1m12!1m3!1d3079.7294637358546!2d-0.3967464846382246!3d39.47544007948567!2m3!1f0!2f0!3f0!3m2!1i1024!2i768!4f13.1!3m3!1m2!1s0xd604f5d43fc9e57:0x2f0d61c8cfb90cac!2scomplejo%20deportivo%20y%20cultural%20la%20petxina!5e0!3m2!1ses!2ses!4v1558091632421!5m2!1ses!2ses\"><\/iframe>\n\t\t\t<\/div>\n","protected":false},"excerpt":{"rendered":"<p>\u00bfD\u00f3nde se celebrar\u00e1 la WordCamp Valencia 2019? Este a\u00f1o, la WordCamp Valencia 2019 se celebrar\u00e1 en el Complejo Deportivo-Cultural \u201cPetxina\u201d. Es un lugar emblem\u00e1tico de la ciudad, donde la Historia se mezcla con la Modernidad: se trata de la rehabilitaci\u00f3n en 2003 de un antiguo matadero municipal de finales del siglo XIX convertido a d\u00eda &hellip; <\/p>\n<p class=\"link-more\"><a href=\"https:\/\/valencia.wordcamp.org\/2019\/ubicacion\/\" class=\"more-link\">Continuar leyendo<span class=\"screen-reader-text\"> \u00abUbicaci\u00f3n\u00bb<\/span><\/a><\/p>\n","protected":false},"author":16448686,"featured_media":0,"parent":0,"menu_order":0,"comment_status":"closed","ping_status":"closed","template":"","meta":{"_crdt_document":"","jetpack_post_was_ever_published":false,"footnotes":""},"class_list":["post-11","page","type-page","status-publish","hentry"],"jetpack_sharing_enabled":true,"jetpack_shortlink":"https:\/\/wp.me\/PaMxYZ-b","_links":{"self":[{"href":"https:\/\/valencia.wordcamp.org\/2019\/wp-json\/wp\/v2\/pages\/11","targetHints":{"allow":["GET"]}}],"collection":[{"href":"https:\/\/valencia.wordcamp.org\/2019\/wp-json\/wp\/v2\/pages"}],"about":[{"href":"https:\/\/valencia.wordcamp.org\/2019\/wp-json\/wp\/v2\/types\/page"}],"author":[{"embeddable":true,"href":"https:\/\/valencia.wordcamp.org\/2019\/wp-json\/wp\/v2\/users\/16448686"}],"replies":[{"embeddable":true,"href":"https:\/\/valencia.wordcamp.org\/2019\/wp-json\/wp\/v2\/comments?post=11"}],"version-history":[{"count":9,"href":"https:\/\/valencia.wordcamp.org\/2019\/wp-json\/wp\/v2\/pages\/11\/revisions"}],"predecessor-version":[{"id":774,"href":"https:\/\/valencia.wordcamp.org\/2019\/wp-json\/wp\/v2\/pages\/11\/revisions\/774"}],"wp:attachment":[{"href":"https:\/\/valencia.wordcamp.org\/2019\/wp-json\/wp\/v2\/media?parent=11"}],"curies":[{"name":"wp","href":"https:\/\/api.w.org\/{rel}","templated":true}]}}