{"id":8,"date":"2019-03-04T21:52:18","date_gmt":"2019-03-04T20:52:18","guid":{"rendered":"https:\/\/2019.valencia.wordcamp.org\/speakers\/"},"modified":"2019-08-29T10:02:06","modified_gmt":"2019-08-29T08:02:06","slug":"ponentes","status":"publish","type":"page","link":"https:\/\/valencia.wordcamp.org\/2019\/ponentes\/","title":{"rendered":"Ponentes WordCamp 2019"},"content":{"rendered":"\n\n\t<div class=\"wcorg-speakers\">\n\n\t\t\n\t\t\t<!-- Organizers note: The id attribute is deprecated and only remains for backwards compatibility, please use the corresponding class to target individual speakers -->\n\t\t\t<div id=\"wcorg-speaker-david-perez\" class=\"wcorg-speaker wcorg-speaker-david-perez wcorg-track-sala-grande\">\n\t\t\t\t<h2>\n\t\t\t\t\t\n\t\t\t\t\t\tDavid P\u00e9rez\n\t\t\t\t\t\t\t\t\t<\/h2>\n\n\t\t\t\t<div class=\"wcorg-speaker-description\">\n\t\t\t\t\t<img alt='' src='https:\/\/secure.gravatar.com\/avatar\/87759e286018412aed543734e566693ba940af08c44993b16fbf347f73d2e1f1?s=100&#038;d=mm&#038;r=g' srcset='https:\/\/secure.gravatar.com\/avatar\/87759e286018412aed543734e566693ba940af08c44993b16fbf347f73d2e1f1?s=200&#038;d=mm&#038;r=g 2x' class='avatar avatar-100 photo' height='100' width='100' \/>\t\t\t\t\t\n<p class=\"wp-block-paragraph\">Hola soy David, tengo 34 a\u00f1os. Estudi\u00e9 marketing y ventas, aunque soy un friki de WordPress y el posicionamiento web (SEO). Me encanta mi trabajo y el marketing, por eso me gusta mantenerme al d\u00eda de las novedades sobre el marketing online y offline.<\/p>\n\n\n\n<p class=\"wp-block-paragraph\">Desde que me form\u00e9 en 2012, programando webs desde 0, nunca he dejado de aprender y actualizarme para seguir creciendo en el mundo del marketing digital, lo que me ha llevado a poder formar parte en una de las agencias mejor valoradas en este sector,&nbsp;<strong><a rel=\"noreferrer noopener\" aria-label=\"AgenciaSeo.eu (opens in a new tab)\" href=\"https:\/\/agenciaSeo.eu\" target=\"_blank\">AgenciaSeo.eu<\/a><\/strong>. He tenido la suerte de trabajar en proyectos con finales exitosos en posicionamiento SEO, consiguiendo una mejora de visibilidad en buscadores y el aumento de beneficios para los cliente.<\/p>\n\n\n\n<p class=\"wp-block-paragraph\">El pr\u00f3ximo d\u00eda&nbsp;<strong>19 de Octubre, desde las 18:15<\/strong>, me podr\u00e9is encontrar como&nbsp;speaker en la mesa redonda que organiza este evento.&nbsp;<em>\u00ab<a href=\"https:\/\/2019.valencia.wordcamp.org\/session\/pablo-viedma-cabrera\/\">C\u00f3mo ser mejor profesional aprendiendo \u00abde todo un poco\u00bb o superespecializarse en algo concreto<\/a>\u00ab<\/em><\/p>\n\n\n\n<figure class=\"wp-block-image\"><img loading=\"lazy\" decoding=\"async\" width=\"600\" height=\"600\" src=\"https:\/\/2019.valencia.wordcamp.org\/files\/2019\/10\/David-Pe\u0301rez.jpeg\" alt=\"\" class=\"wp-image-2787\" srcset=\"https:\/\/valencia.wordcamp.org\/2019\/files\/2019\/10\/David-Pe\u0301rez.jpeg 600w, https:\/\/valencia.wordcamp.org\/2019\/files\/2019\/10\/David-Pe\u0301rez-150x150.jpeg 150w, https:\/\/valencia.wordcamp.org\/2019\/files\/2019\/10\/David-Pe\u0301rez-300x300.jpeg 300w, https:\/\/valencia.wordcamp.org\/2019\/files\/2019\/10\/David-Pe\u0301rez-100x100.jpeg 100w\" sizes=\"auto, (max-width: 600px) 100vw, 600px\" \/><\/figure>\n\t\t\t\t<\/div>\n\t\t\t<\/div>\n\n\t\t\n\t\t\t<!-- Organizers note: The id attribute is deprecated and only remains for backwards compatibility, please use the corresponding class to target individual speakers -->\n\t\t\t<div id=\"wcorg-speaker-pablo-viedma\" class=\"wcorg-speaker wcorg-speaker-pablo-viedma wcorg-track-sala-grande\">\n\t\t\t\t<h2>\n\t\t\t\t\t\n\t\t\t\t\t\tPablo Viedma\n\t\t\t\t\t\t\t\t\t<\/h2>\n\n\t\t\t\t<div class=\"wcorg-speaker-description\">\n\t\t\t\t\t<img alt='' src='https:\/\/secure.gravatar.com\/avatar\/cb9fc5d8d12fab49b7b848c7370683e901145b9b8163cb1cb03105b4a17de3eb?s=100&#038;d=mm&#038;r=g' srcset='https:\/\/secure.gravatar.com\/avatar\/cb9fc5d8d12fab49b7b848c7370683e901145b9b8163cb1cb03105b4a17de3eb?s=200&#038;d=mm&#038;r=g 2x' class='avatar avatar-100 photo' height='100' width='100' \/>\t\t\t\t\t\n<p class=\"wp-block-paragraph\">\u00a1Hola!<\/p>\n\n\n\n<p class=\"wp-block-paragraph\">Soy un Abogado friki, apasionado de la innovaci\u00f3n, las nuevas tecnolog\u00edas y como no \u00a1Del Derecho! Me defino como un #changemaker, con alma de comunicador, al que le gusta estar en constante aprendizaje, y compartir conocimiento. Es por eso que me apunto a cualquier fiesta; y aunque sea mi primera vez en los WordCamp he sido ponente en el <a rel=\"noreferrer noopener\" aria-label=\"CIT Marbella (opens in a new tab)\" href=\"https:\/\/www.citmarbella.es\/\" target=\"_blank\">CIT Marbella<\/a>, en institutos, en el <a rel=\"noreferrer noopener\" aria-label=\"ICA M\u00e1laga (opens in a new tab)\" href=\"https:\/\/campus.icamalaga.es\/course\/info.php?id=99\" target=\"_blank\">ICA M\u00e1laga<\/a>, y ahora ser\u00e9 ponente en el <a href=\"https:\/\/2019.valencia.wordcamp.org\/ponentes\/\">WC Valencia<\/a>, en el <a href=\"http:\/\/www.congresojuridicoabogaciaicamalaga.es\/auditorio-b-tirant-lo-blanch\" target=\"_blank\" rel=\"noreferrer noopener\" aria-label=\"Congreso de la Abogac\u00eda de M\u00e1laga (opens in a new tab)\">Congreso de la Abogac\u00eda de M\u00e1laga<\/a>, y co-director de un curso de nuevas tecnolog\u00edas tambi\u00e9n en el ICA M\u00e1laga.<\/p>\n\n\n\n<p class=\"wp-block-paragraph\">S\u00e9 que puede sonar algo trillado ya, eso del abogado de nuevas tecnolog\u00edas y privacidad, pero en mi caso, mi trabajo es pasi\u00f3n y lo cre\u00e1is o no, yo soy diferente.Soy graduado en Derecho por la Universidad de M\u00e1laga con especializaci\u00f3n en comercio internacional, electr\u00f3nico y mercados financieros, con un proyecto final donde resalt\u00e9 fallos t\u00e9cnicos del sistema SITEL que pod\u00edan causar violaciones de derechos fundamentales. Con las metas claras, hice el m\u00e1ster en Derecho y negocio de las telecomunicaciones, internet y audiovisuales de Cremades &amp; Calvo-Sotelo, donde me qued\u00e9 un a\u00f1o como abogado especialista en telecomunicaciones y web compliance. Tambi\u00e9n, y como casi todos los graduados, tengo un m\u00e1ster en abogac\u00eda y practica jur\u00eddica de la Universidad Internacional de Valencia.<\/p>\n\n\n\n<p class=\"wp-block-paragraph\">De C&amp;CS salt\u00e9 a ECIJA, y ah\u00ed me apasion\u00e9 del lado m\u00e1s t\u00e9cnico. Aprend\u00ed a analizar jur\u00eddicamente softwares y negocios digitales, y adem\u00e1s realizar web compliance (aportando soluciones reales, y no s\u00f3lo repitiendo las normas). Sin embargo, no contento con la filosof\u00eda de los grandes despachos, un d\u00eda decid\u00ed emprender con mi propia marca en la Costa del Sol, donde quise crear un proyecto de asesoramiento jur\u00eddico y t\u00e9cnico a clientes inmersos en las nuevas tecnolog\u00edas, y desde donde mi especialic\u00e9 como DPD por Thomson Reuters Aranzadi.<\/p>\n\n\n\n<figure class=\"wp-block-image\"><img loading=\"lazy\" decoding=\"async\" width=\"1024\" height=\"683\" src=\"https:\/\/2019.valencia.wordcamp.org\/files\/2019\/09\/Foto-Equipo-Aktion-Legal-.-1024x683.jpg\" alt=\"\" class=\"wp-image-2550\" srcset=\"https:\/\/valencia.wordcamp.org\/2019\/files\/2019\/09\/Foto-Equipo-Aktion-Legal-.-1024x683.jpg 1024w, https:\/\/valencia.wordcamp.org\/2019\/files\/2019\/09\/Foto-Equipo-Aktion-Legal-.-300x200.jpg 300w, https:\/\/valencia.wordcamp.org\/2019\/files\/2019\/09\/Foto-Equipo-Aktion-Legal-.-768x512.jpg 768w, https:\/\/valencia.wordcamp.org\/2019\/files\/2019\/09\/Foto-Equipo-Aktion-Legal-.-450x300.jpg 450w\" sizes=\"auto, (max-width: 767px) 89vw, (max-width: 1000px) 54vw, (max-width: 1071px) 543px, 580px\" \/><\/figure>\n\n\n\n<p class=\"wp-block-paragraph\">Ahora, estoy en AKTION, un despacho de Valencia, que, con alma de grande est\u00e1 batiendo r\u00e9cords sirviendo excelencia, transparencia, y un trato cercano, todo ello mezclado con conocimientos hiperespecializados en mercantil, inversiones, fiscal, y por supuesto nuevas tecnolog\u00edas y privacidad.<\/p>\n\n\n\n<p class=\"wp-block-paragraph\">Redes sociales:                                                                                                                                       Twitter: <a href=\"https:\/\/twitter.com\/pviedmac_\">https:\/\/twitter.com\/pviedmac_<\/a><br>LinkedIn:&nbsp;<a rel=\"noreferrer noopener\" href=\"https:\/\/www.linkedin.com\/in\/pviedma\/\" target=\"_blank\">https:\/\/www.linkedin.com\/in\/pviedma\/<\/a><\/p>\n\n\n\n<p class=\"wp-block-paragraph\">Web:&nbsp;<a rel=\"noreferrer noopener\" href=\"https:\/\/www.aktionlegal.com\/equipo-aktion\/\" target=\"_blank\">https:\/\/www.aktionlegal.com\/equipo-aktion\/<\/a>&nbsp;AKTION<br>Blog:&nbsp;<a rel=\"noreferrer noopener\" href=\"https:\/\/www.aktionlegal.com\/category\/tech-privacy\/\" target=\"_blank\">https:\/\/www.aktionlegal.com\/category\/tech-privacy\/<\/a><\/p>\n\t\t\t\t<\/div>\n\t\t\t<\/div>\n\n\t\t\n\t\t\t<!-- Organizers note: The id attribute is deprecated and only remains for backwards compatibility, please use the corresponding class to target individual speakers -->\n\t\t\t<div id=\"wcorg-speaker-alicia-cardete\" class=\"wcorg-speaker wcorg-speaker-alicia-cardete wcorg-track-sala-grande\">\n\t\t\t\t<h2>\n\t\t\t\t\t\n\t\t\t\t\t\tAlicia Cardete\n\t\t\t\t\t\t\t\t\t<\/h2>\n\n\t\t\t\t<div class=\"wcorg-speaker-description\">\n\t\t\t\t\t<img alt='' src='https:\/\/secure.gravatar.com\/avatar\/4cb2a68614969c7c4362b4bff8de6e8ecb9fb74e1eafa262d87edefbe690560a?s=100&#038;d=mm&#038;r=g' srcset='https:\/\/secure.gravatar.com\/avatar\/4cb2a68614969c7c4362b4bff8de6e8ecb9fb74e1eafa262d87edefbe690560a?s=200&#038;d=mm&#038;r=g 2x' class='avatar avatar-100 photo' height='100' width='100' \/>\t\t\t\t\t\n<p class=\"wp-block-paragraph\">Estudi\u00e9 Magisterio de Educaci\u00f3n Primaria con especialidad en Pedagog\u00eda terap\u00e9utica y un M\u00e1ster en Psicopedagog\u00eda en la Universidad de Valencia. Sin embargo, durante mis a\u00f1os universitarios top\u00e9 por casualidad con el mundo del dise\u00f1o y desarrollo web y me enamor\u00e9 de \u00e9l. Ese nuevo mundo tambale\u00f3 todo en mi vida, tanto que finalmente decid\u00ed abandonar mi trayectoria como educadora y dar un cambio radical a mi formaci\u00f3n. En 2017 realic\u00e9 un M\u00e1ster en Dise\u00f1o y Desarrollo Web dirigido por la Escuela Superior de Arte y Tecnolog\u00eda de Valencia y, muy poco tiempo despu\u00e9s, consegu\u00ed mi primer trabajo como frontend en un peque\u00f1o estudio de Valencia al que recuerdo con mucho cari\u00f1o.<\/p>\n\n\n\n<div class=\"wp-block-image\"><figure class=\"aligncenter\"><img loading=\"lazy\" decoding=\"async\" width=\"500\" height=\"500\" src=\"https:\/\/2019.valencia.wordcamp.org\/files\/2019\/09\/aliciaCardete-Foto.jpg\" alt=\"\" class=\"wp-image-2485\" srcset=\"https:\/\/valencia.wordcamp.org\/2019\/files\/2019\/09\/aliciaCardete-Foto.jpg 500w, https:\/\/valencia.wordcamp.org\/2019\/files\/2019\/09\/aliciaCardete-Foto-150x150.jpg 150w, https:\/\/valencia.wordcamp.org\/2019\/files\/2019\/09\/aliciaCardete-Foto-300x300.jpg 300w, https:\/\/valencia.wordcamp.org\/2019\/files\/2019\/09\/aliciaCardete-Foto-100x100.jpg 100w\" sizes=\"auto, (max-width: 500px) 100vw, 500px\" \/><\/figure><\/div>\n\n\n\n<p class=\"wp-block-paragraph\">Actualmente trabajo como dise\u00f1adora UI y de microinteracciones en una agencia creativa, encarg\u00e1ndome del proceso creativo desde cero, la comunicaci\u00f3n con clientes y desarrolladores, y colaborando puntualmente como frontend. Me encanta aprender y lo considero un b\u00e1sico en mi vida, por lo que he seguido form\u00e1ndome este a\u00f1o cursando un M\u00e1ster de Dise\u00f1o Gr\u00e1fico y Arte Digital y asistiendo a distintas conferencias como la WordCamp VLC 2018 y el Design Festival Madrid 2019.<\/p>\n\n\n\n<p class=\"wp-block-paragraph\">A nivel personal me apasiona viajar y la naturaleza, y estoy enamorada de Noruega, la<br>literatura young adult fant\u00e1stica y la danza del vientre. En realidad, me atrae cualquier actividad creativa (pintar, bordar, leer, bailar, hacer manualidades\u2026), aunque uno de mis grandes sue\u00f1os es escribir novelas fant\u00e1sticas.<\/p>\n\n\n\n<p class=\"wp-block-paragraph\">Redes sociales<br>Instagram: <a href=\"https:\/\/www.instagram.com\/alicia_carvil\/?hl=es\" target=\"_blank\" rel=\"noreferrer noopener\" aria-label=\"@alicia_carvil (opens in a new tab)\">@alicia_carvil<\/a><br>Twitter: <a rel=\"noreferrer noopener\" aria-label=\"@aliciacarvil (opens in a new tab)\" href=\"https:\/\/twitter.com\/Alicia_Cartrad\" target=\"_blank\">@aliciacarvil<\/a><\/p>\n\n\n\n<p class=\"wp-block-paragraph\"><\/p>\n\t\t\t\t<\/div>\n\t\t\t<\/div>\n\n\t\t\n\t\t\t<!-- Organizers note: The id attribute is deprecated and only remains for backwards compatibility, please use the corresponding class to target individual speakers -->\n\t\t\t<div id=\"wcorg-speaker-dani-serrano\" class=\"wcorg-speaker wcorg-speaker-dani-serrano wcorg-track-sala-grande\">\n\t\t\t\t<h2>\n\t\t\t\t\t\n\t\t\t\t\t\tDani Serrano\n\t\t\t\t\t\t\t\t\t<\/h2>\n\n\t\t\t\t<div class=\"wcorg-speaker-description\">\n\t\t\t\t\t<img alt='' src='https:\/\/secure.gravatar.com\/avatar\/5cb192023d44989934e8dd3257624ee0349478e192a939dff42cf1553e7cf117?s=100&#038;d=mm&#038;r=g' srcset='https:\/\/secure.gravatar.com\/avatar\/5cb192023d44989934e8dd3257624ee0349478e192a939dff42cf1553e7cf117?s=200&#038;d=mm&#038;r=g 2x' class='avatar avatar-100 photo' height='100' width='100' \/>\t\t\t\t\t\n<p class=\"wp-block-paragraph\">Desarrollador y formador especializado en WordPress e Ilusionado por la vida y por<br> hacer buenas relaciones.<\/p>\n\n\n\n<p class=\"wp-block-paragraph\">Puedes saber m\u00e1s sobre mi en <a rel=\"noreferrer noopener\" aria-label=\"soydani.com (opens in a new tab)\" href=\"http:\/\/soydani.com\" target=\"_blank\">soydani.com<\/a><\/p>\n\n\n\n<p class=\"wp-block-paragraph\">Actualmente trabajo como gestor de proyectos y desarrollador en <a rel=\"noreferrer noopener\" aria-label=\"Emermedia (opens in a new tab)\" href=\"https:\/\/www.emermedia.com\/\" target=\"_blank\">Emermedia<\/a> junto a otros dos Danis (s\u00ed Vitamina D a tope) que conoc\u00ed en la WordCamp de Chiclana de 2017, hacemos desarrollos a medida de proyectos digitales para empresas y profesionales. Cada uno est\u00e1 especializado en un \u00e1rea y adem\u00e1s tenemos una red de contactos con otros profesionales. De esta manera podemos dar un servicio completo al cliente haciendo cada uno de nosotros lo que realmente nos gusta y apasiona.<br><\/p>\n\n\n\n<p class=\"wp-block-paragraph\">Aqu\u00ed estamos los 3 en una sesi\u00f3n de fotos, esta en concreto es para la p\u00e1gina 404 de nuestra web:<\/p>\n\n\n\n<figure class=\"wp-block-image\"><img loading=\"lazy\" decoding=\"async\" width=\"601\" height=\"217\" src=\"https:\/\/2019.valencia.wordcamp.org\/files\/2019\/09\/Captura-de-pantalla-2019-09-15-a-las-14.23.38.png\" alt=\"\" class=\"wp-image-2470\" srcset=\"https:\/\/valencia.wordcamp.org\/2019\/files\/2019\/09\/Captura-de-pantalla-2019-09-15-a-las-14.23.38.png 601w, https:\/\/valencia.wordcamp.org\/2019\/files\/2019\/09\/Captura-de-pantalla-2019-09-15-a-las-14.23.38-300x108.png 300w, https:\/\/valencia.wordcamp.org\/2019\/files\/2019\/09\/Captura-de-pantalla-2019-09-15-a-las-14.23.38-500x181.png 500w\" sizes=\"auto, (max-width: 601px) 100vw, 601px\" \/><\/figure>\n\n\n\n<p class=\"wp-block-paragraph\">Como te dec\u00eda al principio tambi\u00e9n hago formaci\u00f3n, en este caso desde <a rel=\"noreferrer noopener\" aria-label=\"Cursos WordPress Madrid (opens in a new tab)\" href=\"https:\/\/cursoswpmadrid.com\/\" target=\"_blank\">Cursos WordPress Madrid<\/a> junto a Gerardo Garc\u00eda, que conoc\u00ed en mi primera participaci\u00f3n en una WordCamp en concreto en Madrid del 2017, hacemos cursos de WordPress como nos hubiera gustado a nosotros aprenderlo, con buen humor y partiendo desde cero. Incluso tenemos un documento con la definici\u00f3n de todos los t\u00e9rminos que utilizamos y que es posible que alguien no conozca como pueden ser: SEO, Host, URL etc.<\/p>\n\n\n\n<p class=\"wp-block-paragraph\">Tenemos 3 formatos diferentes:<br> \u25cf Cursos de WordPress presencial en Madrid.<br> \u25cf Cursos de WordPress presencial Online.<br> \u25cf Cursos de WordPress portable, para descargar y poder hacer cuando t\u00fa quieras.<br> Si tienes inter\u00e9s puedes ponerte en contacto sin ning\u00fan compromiso y adem\u00e1s si nos dices que vienes desde #WCVLC buscaremos un mejor precio para t\u00ed \ud83d\ude42<br><\/p>\n\n\n\n<p class=\"wp-block-paragraph\">En esta foto estamos en Madrid, en las Oficinas de SiteGround, dando uno de nuestros cursos presenciales:<\/p>\n\n\n\n<figure class=\"wp-block-image\"><img loading=\"lazy\" decoding=\"async\" width=\"603\" height=\"341\" src=\"https:\/\/2019.valencia.wordcamp.org\/files\/2019\/09\/Captura-de-pantalla-2019-09-15-a-las-14.23.46.png\" alt=\"\" class=\"wp-image-2474\" srcset=\"https:\/\/valencia.wordcamp.org\/2019\/files\/2019\/09\/Captura-de-pantalla-2019-09-15-a-las-14.23.46.png 603w, https:\/\/valencia.wordcamp.org\/2019\/files\/2019\/09\/Captura-de-pantalla-2019-09-15-a-las-14.23.46-300x170.png 300w, https:\/\/valencia.wordcamp.org\/2019\/files\/2019\/09\/Captura-de-pantalla-2019-09-15-a-las-14.23.46-500x283.png 500w\" sizes=\"auto, (max-width: 603px) 100vw, 603px\" \/><\/figure>\n\n\n\n<p class=\"wp-block-paragraph\"> Y para terminar, ilusionado por la vida y hacer buenas relaciones, hacer networking, es algo que me encanta.<\/p>\n\n\n\n<p class=\"wp-block-paragraph\">Sin ir m\u00e1s lejos, los dos proyectos que te acabo de presentar los hago con personas que he conocido en diferentes WordCamps y que con el paso del tiempo nos ha surgido trabajar juntos.<\/p>\n\n\n\n<p class=\"wp-block-paragraph\">Llevo menos de 2 a\u00f1os como trabajador por cuenta propia y si algo he aprendido es que debemos conectar con otras personas, haciendo buenos contactos y buenas relaciones podemos conseguir todo aquello que necesitamos.<\/p>\n\n\n\n<p class=\"wp-block-paragraph\">Aqu\u00ed est\u00e1 una imagen de aquel d\u00eda que comenz\u00f3 todo:<\/p>\n\n\n\n<figure class=\"wp-block-image\"><img loading=\"lazy\" decoding=\"async\" width=\"596\" height=\"400\" src=\"https:\/\/2019.valencia.wordcamp.org\/files\/2019\/09\/Captura-de-pantalla-2019-09-15-a-las-14.23.56.png\" alt=\"\" class=\"wp-image-2477\" srcset=\"https:\/\/valencia.wordcamp.org\/2019\/files\/2019\/09\/Captura-de-pantalla-2019-09-15-a-las-14.23.56.png 596w, https:\/\/valencia.wordcamp.org\/2019\/files\/2019\/09\/Captura-de-pantalla-2019-09-15-a-las-14.23.56-300x201.png 300w, https:\/\/valencia.wordcamp.org\/2019\/files\/2019\/09\/Captura-de-pantalla-2019-09-15-a-las-14.23.56-447x300.png 447w\" sizes=\"auto, (max-width: 596px) 100vw, 596px\" \/><\/figure>\n\n\n\n<p class=\"wp-block-paragraph\">Por lo tanto, si nos vemos no dudes en saludarme, seguro que tenemos una buena conversaci\u00f3n por delante \ud83d\ude42<\/p>\n\n\n\n<p class=\"wp-block-paragraph\">Redes sociales:                                                                               <\/p>\n\n\n\n<p class=\"wp-block-paragraph\"><a href=\"https:\/\/twitter.com\/DaniSerrano_\">https:\/\/twitter.com\/DaniSerrano_<\/a>                                           <a rel=\"noreferrer noopener\" href=\"https:\/\/www.linkedin.com\/in\/dani-serrano\/\" target=\"_blank\">https:\/\/www.linkedin.com\/in\/dani-serrano\/<\/a>  <a href=\"https:\/\/www.instagram.com\/daniserrano_\/\">https:\/\/www.instagram.com\/daniserrano_\/<\/a> <a href=\"https:\/\/www.facebook.com\/dani.serrano.wordpress\">https:\/\/www.facebook.com\/dani.serrano.wordpress<\/a><\/p>\n\t\t\t\t<\/div>\n\t\t\t<\/div>\n\n\t\t\n\t\t\t<!-- Organizers note: The id attribute is deprecated and only remains for backwards compatibility, please use the corresponding class to target individual speakers -->\n\t\t\t<div id=\"wcorg-speaker-paola-tursi\" class=\"wcorg-speaker wcorg-speaker-paola-tursi wcorg-track-sala-pequena\">\n\t\t\t\t<h2>\n\t\t\t\t\t\n\t\t\t\t\t\tPaola Tursi\n\t\t\t\t\t\t\t\t\t<\/h2>\n\n\t\t\t\t<div class=\"wcorg-speaker-description\">\n\t\t\t\t\t<img alt='' src='https:\/\/secure.gravatar.com\/avatar\/bd9e1b3e6661ec5ddf5a39fe185b0a7a52d46613566c39db6ebb4cd5f898d7ab?s=100&#038;d=mm&#038;r=g' srcset='https:\/\/secure.gravatar.com\/avatar\/bd9e1b3e6661ec5ddf5a39fe185b0a7a52d46613566c39db6ebb4cd5f898d7ab?s=200&#038;d=mm&#038;r=g 2x' class='avatar avatar-100 photo' height='100' width='100' \/>\t\t\t\t\t\n<p class=\"wp-block-paragraph\">Hola! I\u2019m Paola and I\u2019m a professional organizer: a consultant that helps you getting organized in your working day, getting your things done and also to find a work-life- balance. <\/p>\n\n\n\n<p class=\"wp-block-paragraph\">I\u2019m co-founder of Organizzatessen, a group of 4 professional organizers, in Italy.<\/p>\n\n\n\n<figure class=\"wp-block-image\"><img loading=\"lazy\" decoding=\"async\" width=\"1024\" height=\"500\" src=\"https:\/\/2019.valencia.wordcamp.org\/files\/2019\/09\/p-o-paola-tursi-1024x500.jpg\" alt=\"\" class=\"wp-image-2527\" srcset=\"https:\/\/valencia.wordcamp.org\/2019\/files\/2019\/09\/p-o-paola-tursi-1024x500.jpg 1024w, https:\/\/valencia.wordcamp.org\/2019\/files\/2019\/09\/p-o-paola-tursi-300x147.jpg 300w, https:\/\/valencia.wordcamp.org\/2019\/files\/2019\/09\/p-o-paola-tursi-768x375.jpg 768w, https:\/\/valencia.wordcamp.org\/2019\/files\/2019\/09\/p-o-paola-tursi-500x244.jpg 500w, https:\/\/valencia.wordcamp.org\/2019\/files\/2019\/09\/p-o-paola-tursi.jpg 1800w\" sizes=\"auto, (max-width: 767px) 89vw, (max-width: 1000px) 54vw, (max-width: 1071px) 543px, 580px\" \/><\/figure>\n\n\n\n<p class=\"wp-block-paragraph\">We teach organizing techniques to freelance and companies and we give also one  to-one consultancies, both in person and online.<\/p>\n\n\n\n<p class=\"wp-block-paragraph\">In my job I help my clients to understand what is not working properly in their working day. Together we find solutions and techniques that help them to run their day smoothly. Changing habits is a hard work that requests a lot of effort, but the satisfaction in the end is really worth it!<\/p>\n\n\n\n<p class=\"wp-block-paragraph\">I think that organization is linked to freedom and happiness: aren\u2019t you more happy and free when you come along with the things that you have to do and have plenty of quality time to live your passions? Isn\u2019t it more easy to catch opportunities with a<br>free mind?<\/p>\n\n\n\n<figure class=\"wp-block-image\"><img loading=\"lazy\" decoding=\"async\" width=\"1024\" height=\"682\" src=\"https:\/\/2019.valencia.wordcamp.org\/files\/2019\/09\/1.-Paola-Tursi-1024x682.jpg\" alt=\"\" class=\"wp-image-2684\" srcset=\"https:\/\/valencia.wordcamp.org\/2019\/files\/2019\/09\/1.-Paola-Tursi-1024x682.jpg 1024w, https:\/\/valencia.wordcamp.org\/2019\/files\/2019\/09\/1.-Paola-Tursi-300x200.jpg 300w, https:\/\/valencia.wordcamp.org\/2019\/files\/2019\/09\/1.-Paola-Tursi-768x512.jpg 768w, https:\/\/valencia.wordcamp.org\/2019\/files\/2019\/09\/1.-Paola-Tursi-450x300.jpg 450w, https:\/\/valencia.wordcamp.org\/2019\/files\/2019\/09\/1.-Paola-Tursi.jpg 2000w\" sizes=\"auto, (max-width: 767px) 89vw, (max-width: 1000px) 54vw, (max-width: 1071px) 543px, 580px\" \/><\/figure>\n\n\n\n<p class=\"wp-block-paragraph\">In this pictures (taken by Irene Pittatore) you see me during the speech \u201cOrganizzati e Felici\u201d (Organized and Happy) that I gave in Torino last July for the Association Rete al Femminile. I really love to spread the word! <\/p>\n\n\n\n<p class=\"wp-block-paragraph\">I discovered WordCamps in 2018 and I attend whenever I can. This time I\u2019m very glad to have my own talk in Valencia! Organization, time management, happiness and freedom are some of the topics I will talk about.<\/p>\n\n\n\n<p class=\"wp-block-paragraph\">I love to travel. Since a year I quit my house in Milano and I move from city to city to<br>discover new places and people. I carry few things with me: a hand luggage of essentials and my computer to work anywhere.<\/p>\n\n\n\n<figure class=\"wp-block-image\"><img loading=\"lazy\" decoding=\"async\" width=\"1024\" height=\"682\" src=\"https:\/\/2019.valencia.wordcamp.org\/files\/2019\/09\/2.-Paola-Tursi-1024x682.jpg\" alt=\"\" class=\"wp-image-2682\" srcset=\"https:\/\/valencia.wordcamp.org\/2019\/files\/2019\/09\/2.-Paola-Tursi-1024x682.jpg 1024w, https:\/\/valencia.wordcamp.org\/2019\/files\/2019\/09\/2.-Paola-Tursi-300x200.jpg 300w, https:\/\/valencia.wordcamp.org\/2019\/files\/2019\/09\/2.-Paola-Tursi-768x512.jpg 768w, https:\/\/valencia.wordcamp.org\/2019\/files\/2019\/09\/2.-Paola-Tursi-450x300.jpg 450w, https:\/\/valencia.wordcamp.org\/2019\/files\/2019\/09\/2.-Paola-Tursi.jpg 2000w\" sizes=\"auto, (max-width: 767px) 89vw, (max-width: 1000px) 54vw, (max-width: 1071px) 543px, 580px\" \/><\/figure>\n\n\n\n<p class=\"wp-block-paragraph\">I currently live in Torino, maybe Valencia will be next? \ud83d\ude42<\/p>\n\n\n\n<p class=\"wp-block-paragraph\"><a rel=\"noreferrer noopener\" aria-label=\"www.organizzatessen.it (opens in a new tab)\" href=\"http:\/\/www.organizzatessen.it\" target=\"_blank\">www.organizzatessen.it<\/a><br><a rel=\"noreferrer noopener\" aria-label=\" (opens in a new tab)\" href=\"http:\/\/ https:\/\/organizzatessen.it\/paolatursi\/\" target=\"_blank\">https:\/\/organizzatessen.it\/paolatursi\/<\/a><\/p>\n\n\n\n<p class=\"wp-block-paragraph\">Social media:<a rel=\"noreferrer noopener\" aria-label=\" (opens in a new tab)\" href=\"http:\/\/ https:\/\/organizzatessen.it\/paolatursi\/\" target=\"_blank\"><br><\/a><a rel=\"noreferrer noopener\" aria-label=\"https:\/\/www.linkedin.com\/in\/paola-tursi\/\n (opens in a new tab)\" href=\"https:\/\/www.linkedin.com\/in\/paola-tursi\/\" target=\"_blank\">https:\/\/www.linkedin.com\/in\/paola-tursi\/<br><\/a><a rel=\"noreferrer noopener\" aria-label=\"https:\/\/www.facebook.com\/Organizzatessen\/\n (opens in a new tab)\" href=\"https:\/\/www.facebook.com\/Organizzatessen\/\" target=\"_blank\">https:\/\/www.facebook.com\/Organizzatessen\/<br><\/a><a href=\"https:\/\/www.instagram.com\/organizzatessen\/\" target=\"_blank\" rel=\"noreferrer noopener\" aria-label=\"https:\/\/www.instagram.com\/organizzatessen\/ (opens in a new tab)\">https:\/\/www.instagram.com\/organizzatessen\/<\/a><\/p>\n\t\t\t\t<\/div>\n\t\t\t<\/div>\n\n\t\t\n\t\t\t<!-- Organizers note: The id attribute is deprecated and only remains for backwards compatibility, please use the corresponding class to target individual speakers -->\n\t\t\t<div id=\"wcorg-speaker-wendie-huisintveld\" class=\"wcorg-speaker wcorg-speaker-wendie-huisintveld wcorg-track-sala-pequena\">\n\t\t\t\t<h2>\n\t\t\t\t\t\n\t\t\t\t\t\tWendie Huisintveld\n\t\t\t\t\t\t\t\t\t<\/h2>\n\n\t\t\t\t<div class=\"wcorg-speaker-description\">\n\t\t\t\t\t<img alt='' src='https:\/\/secure.gravatar.com\/avatar\/aea7f03393cd695eafdd686b5f7de2bd77b0c207de2654f10f3bff88d29ac6ee?s=100&#038;d=mm&#038;r=g' srcset='https:\/\/secure.gravatar.com\/avatar\/aea7f03393cd695eafdd686b5f7de2bd77b0c207de2654f10f3bff88d29ac6ee?s=200&#038;d=mm&#038;r=g 2x' class='avatar avatar-100 photo' height='100' width='100' \/>\t\t\t\t\t\n<p class=\"wp-block-paragraph\">Wendie started playing with WordPress in 2009. Her hobby turned into her job and she created a business out of her job. Her company \u00abThe Websiteclub\u00bb helps Dutch freelancers and small local businesses with their online presence.&nbsp;<\/p>\n\n\n\n<p class=\"wp-block-paragraph\">As a side project she started working with the LoveDoctor Company. A social project with the mission to help people feel more connected to themselves, each other and the world. She is committed to teach people about the power of real personal connections.<\/p>\n\t\t\t\t<\/div>\n\t\t\t<\/div>\n\n\t\t\n\t\t\t<!-- Organizers note: The id attribute is deprecated and only remains for backwards compatibility, please use the corresponding class to target individual speakers -->\n\t\t\t<div id=\"wcorg-speaker-nilo-velez\" class=\"wcorg-speaker wcorg-speaker-nilo-velez wcorg-track-sala-pequena\">\n\t\t\t\t<h2>\n\t\t\t\t\t\n\t\t\t\t\t\tNilo V\u00e9lez\n\t\t\t\t\t\t\t\t\t<\/h2>\n\n\t\t\t\t<div class=\"wcorg-speaker-description\">\n\t\t\t\t\t<img alt='' src='https:\/\/secure.gravatar.com\/avatar\/09a19d6c3d35d136db80cd14757e532d95a3b54dd9aebded06dcee529ed3d285?s=100&#038;d=mm&#038;r=g' srcset='https:\/\/secure.gravatar.com\/avatar\/09a19d6c3d35d136db80cd14757e532d95a3b54dd9aebded06dcee529ed3d285?s=200&#038;d=mm&#038;r=g 2x' class='avatar avatar-100 photo' height='100' width='100' \/>\t\t\t\t\t\n<p class=\"wp-block-paragraph\">Veinte a\u00f1os y pico haciendo webs como freelance, por cuenta ajena y para proyectos propios. Miembro activo de la comunidad de WordPress, soy moderador del equipo de traductores, organizador de WordCamp Sevilla y voluntario en todo lo que se tercie.<\/p>\n\t\t\t\t<\/div>\n\t\t\t<\/div>\n\n\t\t\n\t\t\t<!-- Organizers note: The id attribute is deprecated and only remains for backwards compatibility, please use the corresponding class to target individual speakers -->\n\t\t\t<div id=\"wcorg-speaker-margaret-gonzalez\" class=\"wcorg-speaker wcorg-speaker-margaret-gonzalez wcorg-track-sala-pequena\">\n\t\t\t\t<h2>\n\t\t\t\t\t\n\t\t\t\t\t\tMargaret Gonz\u00e1lez\n\t\t\t\t\t\t\t\t\t<\/h2>\n\n\t\t\t\t<div class=\"wcorg-speaker-description\">\n\t\t\t\t\t<img alt='' src='https:\/\/secure.gravatar.com\/avatar\/6195f72c71e3a2126a734e002c9769ba590a1e532c7a6b623e0baa766c5e16be?s=100&#038;d=mm&#038;r=g' srcset='https:\/\/secure.gravatar.com\/avatar\/6195f72c71e3a2126a734e002c9769ba590a1e532c7a6b623e0baa766c5e16be?s=200&#038;d=mm&#038;r=g 2x' class='avatar avatar-100 photo' height='100' width='100' \/>\t\t\t\t\t\n<p class=\"wp-block-paragraph\">Periodista por vocaci\u00f3n y profesi\u00f3n. Me apasiona la comunicaci\u00f3n en todas sus variantes. Hablar, escribir,\u2026Todo comunica y sirve para transmitir los valores de tu negocio.<\/p>\n\n\n\n<p class=\"wp-block-paragraph\"><br>Desde 2013 soy una enganchada, adem\u00e1s, al mundo del emprendimiento, a luchar por vivir de nuestras pasiones, trabajando duro pero disfrutando del camino.&nbsp;<br><\/p>\n\n\n\n<figure class=\"wp-block-image\"><img loading=\"lazy\" decoding=\"async\" width=\"1000\" height=\"667\" src=\"https:\/\/2019.valencia.wordcamp.org\/files\/2019\/09\/yo_Principal.jpg\" alt=\"\" class=\"wp-image-2457\" srcset=\"https:\/\/valencia.wordcamp.org\/2019\/files\/2019\/09\/yo_Principal.jpg 1000w, https:\/\/valencia.wordcamp.org\/2019\/files\/2019\/09\/yo_Principal-300x200.jpg 300w, https:\/\/valencia.wordcamp.org\/2019\/files\/2019\/09\/yo_Principal-768x512.jpg 768w, https:\/\/valencia.wordcamp.org\/2019\/files\/2019\/09\/yo_Principal-450x300.jpg 450w\" sizes=\"auto, (max-width: 767px) 89vw, (max-width: 1000px) 54vw, (max-width: 1071px) 543px, 580px\" \/><\/figure>\n\n\n\n<p class=\"wp-block-paragraph\">Por eso cre\u00e9 Canal Inizia, mi agencia de prensa y comunicaci\u00f3n desde la que ayudo a que empresas y emprendedores con ganas de cambiar el mundo, como t\u00fa, lleguen a m\u00e1s gente. Os ayudo a ganar&nbsp;visibilidad, confianza y reputaci\u00f3n&nbsp;para tu marca&nbsp;apareciendo en medios de comunicaci\u00f3n.<br><\/p>\n\n\n\n<p class=\"wp-block-paragraph\">Si quieres tener repercusi\u00f3n, reputaci\u00f3n y posicionarte como referente en tu sector tienes que hacer algo distinto, atreverte a subir el famoso escal\u00f3n: tienes que aparecer en los medios de comunicaci\u00f3n.<br><\/p>\n\n\n\n<p class=\"wp-block-paragraph\">Te ayudar\u00e9 a ser un altavoz para tu empresa, a posicionarte y crecer a la vez que generas impacto social en tu vida y tu entorno, apareciendo en los medios de comunicaci\u00f3n para as\u00ed  llegar, en poco tiempo, a miles de personas.<\/p>\n\n\n\n<p class=\"wp-block-paragraph\">La comunicaci\u00f3n en tu negocio es vital: es tu esencia, tus valores y eso tiene que verse y sentirse. Es necesario controlar toda la informaci\u00f3n que genera tu negocio, saber dominar qu\u00e9 comunicas y qu\u00e9 no para crear la imagen de marca que deseas y no dejarlo al azar.<br><\/p>\n\n\n\n<p class=\"wp-block-paragraph\">S\u00e9 que puede resultar abrumador, pero para eso estoy yo aqu\u00ed. <\/p>\n\n\n\n<p class=\"wp-block-paragraph\">\u00bfHablamos?<\/p>\n\n\n\n<figure class=\"wp-block-image\"><img loading=\"lazy\" decoding=\"async\" width=\"945\" height=\"756\" src=\"https:\/\/2019.valencia.wordcamp.org\/files\/2019\/09\/presentacio\u0301n-Margaret.jpg\" alt=\"\" class=\"wp-image-2451\" srcset=\"https:\/\/valencia.wordcamp.org\/2019\/files\/2019\/09\/presentacio\u0301n-Margaret.jpg 945w, https:\/\/valencia.wordcamp.org\/2019\/files\/2019\/09\/presentacio\u0301n-Margaret-300x240.jpg 300w, https:\/\/valencia.wordcamp.org\/2019\/files\/2019\/09\/presentacio\u0301n-Margaret-768x614.jpg 768w, https:\/\/valencia.wordcamp.org\/2019\/files\/2019\/09\/presentacio\u0301n-Margaret-375x300.jpg 375w\" sizes=\"auto, (max-width: 767px) 89vw, (max-width: 1000px) 54vw, (max-width: 1071px) 543px, 580px\" \/><\/figure>\n\n\n\n<p class=\"wp-block-paragraph\">Mis enlaces sociales son los siguientes:<\/p>\n\n\n\n<p class=\"wp-block-paragraph\"><a href=\"https:\/\/www.youtube.com\/channel\/UCce530suPL8949QIyMZdvLg\">https:\/\/www.youtube.com\/channel\/UCce530suPL8949QIyMZdvLg<\/a><br><a rel=\"noreferrer noopener\" aria-label=\"https:\/\/twitter.com\/MargaretGM7 (opens in a new tab)\" href=\"https:\/\/twitter.com\/MargaretGM7\" target=\"_blank\">https:\/\/twitter.com\/MargaretGM7<\/a><br><a rel=\"noreferrer noopener\" href=\"https:\/\/www.linkedin.com\/in\/pmoratinos\/\" target=\"_blank\"><\/a><a href=\"https:\/\/www.linkedin.com\/in\/margaret-gonz\u00e1lez-comunicacion\/\">https:\/\/www.linkedin.com\/in\/margaret-gonz\u00e1lez-comunicacion\/<\/a><\/p>\n\n\n\n<p class=\"wp-block-paragraph\"><\/p>\n\n\n\n<p class=\"wp-block-paragraph\">Mi web:&nbsp;<a href=\"https:\/\/canalinizia.com\/\">https:\/\/canalinizia.<\/a><a href=\"https:\/\/canalinizia.com\/\" target=\"_blank\" rel=\"noreferrer noopener\" aria-label=\"com (opens in a new tab)\">com<\/a><a href=\"https:\/\/canalinizia.com\/\">\/<\/a><\/p>\n\t\t\t\t<\/div>\n\t\t\t<\/div>\n\n\t\t\n\t\t\t<!-- Organizers note: The id attribute is deprecated and only remains for backwards compatibility, please use the corresponding class to target individual speakers -->\n\t\t\t<div id=\"wcorg-speaker-sandra-sanjuan\" class=\"wcorg-speaker wcorg-speaker-sandra-sanjuan wcorg-track-sala-pequena\">\n\t\t\t\t<h2>\n\t\t\t\t\t\n\t\t\t\t\t\tSandra Sanjuan\n\t\t\t\t\t\t\t\t\t<\/h2>\n\n\t\t\t\t<div class=\"wcorg-speaker-description\">\n\t\t\t\t\t<img alt='' src='https:\/\/secure.gravatar.com\/avatar\/3e1c8528917cb82626663f17ae6fd890e06989a641e5a5ee4dbc00a7ce529625?s=100&#038;d=mm&#038;r=g' srcset='https:\/\/secure.gravatar.com\/avatar\/3e1c8528917cb82626663f17ae6fd890e06989a641e5a5ee4dbc00a7ce529625?s=200&#038;d=mm&#038;r=g 2x' class='avatar avatar-100 photo' height='100' width='100' \/>\t\t\t\t\t\n<p class=\"wp-block-paragraph\">\u00a1Hola! <\/p>\n\n\n\n<p class=\"wp-block-paragraph\">Soy Sandra Sanjuan, copy, redactora creativa y consultora de marketing y comunicaci\u00f3n en The Copy Lab, mi peque\u00f1o laboratorio de grandes ideas. Tambi\u00e9n soy profe, doy clases de copywriting y storytelling en el M\u00e1ster en Direcci\u00f3n de Marketing y Comunicaci\u00f3n de la UPV.<\/p>\n\n\n\n<p class=\"wp-block-paragraph\">Soy usuaria de Word Press desde hace dos a\u00f1os, cuando decid\u00ed dejar la agencia donde trabajaba y lanzarme a esta locura del mundo freelance. Desde entonces tengo la suerte de poder dedicarme a algo que me apasiona: el copy, la identidad de marca y la experiencia de usuario. De todo ello (y m\u00e1s cosas), hablo en mi blog,\u00a0<a rel=\"noreferrer noopener\" href=\"http:\/\/www.sandrasanjuansanz.com\/\" target=\"_blank\">www.sandrasanjuansanz.com<\/a>.<\/p>\n\n\n\n<figure class=\"wp-block-image\"><img loading=\"lazy\" decoding=\"async\" width=\"1024\" height=\"768\" src=\"https:\/\/2019.valencia.wordcamp.org\/files\/2019\/09\/D8uJX-PX4AMw-G7-1024x768.jpeg\" alt=\"\" class=\"wp-image-2462\" srcset=\"https:\/\/valencia.wordcamp.org\/2019\/files\/2019\/09\/D8uJX-PX4AMw-G7-1024x768.jpeg 1024w, https:\/\/valencia.wordcamp.org\/2019\/files\/2019\/09\/D8uJX-PX4AMw-G7-300x225.jpeg 300w, https:\/\/valencia.wordcamp.org\/2019\/files\/2019\/09\/D8uJX-PX4AMw-G7-768x576.jpeg 768w, https:\/\/valencia.wordcamp.org\/2019\/files\/2019\/09\/D8uJX-PX4AMw-G7-400x300.jpeg 400w, https:\/\/valencia.wordcamp.org\/2019\/files\/2019\/09\/D8uJX-PX4AMw-G7.jpeg 2048w\" sizes=\"auto, (max-width: 767px) 89vw, (max-width: 1000px) 54vw, (max-width: 1071px) 543px, 580px\" \/><\/figure>\n\n\n\n<p class=\"wp-block-paragraph\">Mis redes sociales: <\/p>\n\n\n\n<p class=\"wp-block-paragraph\"><a href=\"https:\/\/twitter.com\/sandra_copy\">https:\/\/twitter.com\/sandra_copy<\/a><\/p>\n\t\t\t\t<\/div>\n\t\t\t<\/div>\n\n\t\t\n\t\t\t<!-- Organizers note: The id attribute is deprecated and only remains for backwards compatibility, please use the corresponding class to target individual speakers -->\n\t\t\t<div id=\"wcorg-speaker-pablo-moratinos\" class=\"wcorg-speaker wcorg-speaker-pablo-moratinos wcorg-track-sala-pequena\">\n\t\t\t\t<h2>\n\t\t\t\t\t\n\t\t\t\t\t\tPablo Moratinos\n\t\t\t\t\t\t\t\t\t<\/h2>\n\n\t\t\t\t<div class=\"wcorg-speaker-description\">\n\t\t\t\t\t<img alt='' src='https:\/\/secure.gravatar.com\/avatar\/f4a5191289cc5c209cce4939108bd8c4d087d6c59dec8e794ec7fac8ec8f6f26?s=100&#038;d=mm&#038;r=g' srcset='https:\/\/secure.gravatar.com\/avatar\/f4a5191289cc5c209cce4939108bd8c4d087d6c59dec8e794ec7fac8ec8f6f26?s=200&#038;d=mm&#038;r=g 2x' class='avatar avatar-100 photo' height='100' width='100' \/>\t\t\t\t\t\n<p class=\"wp-block-paragraph\"><\/p>\n\n\n\n<p class=\"wp-block-paragraph\">Llegu\u00e9 al mundo WordPress hacia 2006 porque quer\u00eda empezar a publicar en internet las cosas que me interesaban. Escrib\u00eda sobre rutas de monta\u00f1a y t\u00e9cnica fotogr\u00e1fica, fundamentalmente.<\/p>\n\n\n\n<p class=\"wp-block-paragraph\">Poco tiempo despu\u00e9s cree mi segundo blog con WP, una serie de apuntes sobre mis experiencias con el software libre, GNU-Linux y WordPress. Tengo una cabeza mal\u00edsima y era la mejor forma de recordar c\u00f3mo resolver los problemas que se me repet\u00edan.<\/p>\n\n\n\n<p class=\"wp-block-paragraph\">A partir de ah\u00ed me enganch\u00e9 y empec\u00e9 a profundizar en el tema hasta que en 2012 pens\u00e9 que podr\u00eda ganarme la vida creando sitios web para otras personas.<\/p>\n\n\n\n<p class=\"wp-block-paragraph\">Ese a\u00f1o dej\u00e9 mi trabajo de publicidad en televisi\u00f3n y fund\u00e9 3ymedia, una peque\u00f1a agencia de marketing online en Irun (Gipuzkoa) donde WordPress es uno de los pilares fundamentales. Tambi\u00e9n hacemos cosas de anal\u00edtica, UX, SEO y SEM.<\/p>\n\n\n\n<p class=\"wp-block-paragraph\">Esto implic\u00f3 una inversi\u00f3n de tiempo enorme en formaci\u00f3n t\u00e9cnica, te\u00f3rica y estrat\u00e9gica. En realidad contin\u00fao form\u00e1ndome cada d\u00eda. Es lo que tiene trabajar en la red \u00bfverdad?<\/p>\n\n\n\n<p class=\"wp-block-paragraph\">Posteriormente me acerqu\u00e9 a la comunidad WordPress. Descubr\u00ed sus grupos de trabajo, su funcionamiento, su pasi\u00f3n y sobre todo sus eventos. Todo me pareci\u00f3 alucinante. \u00bfC\u00f3mo no lo hab\u00eda conocido antes?<\/p>\n\n\n\n<figure class=\"wp-block-image\"><img loading=\"lazy\" decoding=\"async\" width=\"1024\" height=\"683\" src=\"https:\/\/2019.valencia.wordcamp.org\/files\/2019\/08\/WCMAD18-PabloMoratinos-1024-1024x683.jpg\" alt=\"\" class=\"wp-image-2103\" srcset=\"https:\/\/valencia.wordcamp.org\/2019\/files\/2019\/08\/WCMAD18-PabloMoratinos-1024.jpg 1024w, https:\/\/valencia.wordcamp.org\/2019\/files\/2019\/08\/WCMAD18-PabloMoratinos-1024-300x200.jpg 300w, https:\/\/valencia.wordcamp.org\/2019\/files\/2019\/08\/WCMAD18-PabloMoratinos-1024-768x512.jpg 768w, https:\/\/valencia.wordcamp.org\/2019\/files\/2019\/08\/WCMAD18-PabloMoratinos-1024-450x300.jpg 450w\" sizes=\"auto, (max-width: 767px) 89vw, (max-width: 1000px) 54vw, (max-width: 1071px) 543px, 580px\" \/><\/figure>\n\n\n\n<p class=\"wp-block-paragraph\">Mi primera WordCamp fue tan impactante que ya sal\u00ed de ella con el objetivo claro de montar una meetup en mi ciudad. Naci\u00f3 Irun WordPress y dos a\u00f1os despu\u00e9s ya hab\u00edamos organizado dos WordCamp fant\u00e1sticas.<\/p>\n\n\n\n<p class=\"wp-block-paragraph\">Al mismo tiempo he sido voluntario y ponente en otras WordCamp. Lo primero me permiti\u00f3 vivir desde dentro la m\u00e1gica WC Chiclana del 2017. Con lo segundo he podido disfrutar del cari\u00f1o de las comunidades de Santander, Las Palmas, Madrid, Barcelona, Granada o Zaragoza, por ejemplo.<\/p>\n\n\n\n<p class=\"wp-block-paragraph\">Profesionalmente los \u00faltimos 3 a\u00f1os han sido vertiginosos. He conocido a muchos de mis \u00eddolos, he compartido escenario con ellos, considero buenos amigos a varios responsables de las mejores marcas del ecosistema WordPress y adem\u00e1s profesionalmente soy capaz de afrontar proyectos mucho m\u00e1s complejos.<\/p>\n\n\n\n<figure class=\"wp-block-image\"><img loading=\"lazy\" decoding=\"async\" width=\"1024\" height=\"346\" src=\"https:\/\/2019.valencia.wordcamp.org\/files\/2019\/08\/WCBCN18-PabloMoratinos-1024-1024x346.jpg\" alt=\"\" class=\"wp-image-2102\" srcset=\"https:\/\/valencia.wordcamp.org\/2019\/files\/2019\/08\/WCBCN18-PabloMoratinos-1024.jpg 1024w, https:\/\/valencia.wordcamp.org\/2019\/files\/2019\/08\/WCBCN18-PabloMoratinos-1024-300x101.jpg 300w, https:\/\/valencia.wordcamp.org\/2019\/files\/2019\/08\/WCBCN18-PabloMoratinos-1024-768x260.jpg 768w, https:\/\/valencia.wordcamp.org\/2019\/files\/2019\/08\/WCBCN18-PabloMoratinos-1024-500x169.jpg 500w\" sizes=\"auto, (max-width: 767px) 89vw, (max-width: 1000px) 54vw, (max-width: 1071px) 543px, 580px\" \/><\/figure>\n\n\n\n<p class=\"wp-block-paragraph\">Todo esto me lo ha dado WordPress y su gente, sin pedirme nada a cambio, por eso trato de echar un cable en las \u00e1reas de la comunidad donde creo que puedo ayudar mejor: soporte, TV y comunidad. Tambi\u00e9n echo un cable en las traducciones a euskera.<\/p>\n\n\n\n<p class=\"wp-block-paragraph\">Tengo familia, dos hijas mellizas geniales y una empresa propia as\u00ed que \u00bfde d\u00f3nde saco el tiempo para invertirlo en la comunidad? De donde puedo, del trabajo y de la familia. WordPress me da mucho, profesional y personalmente as\u00ed que me siento mucho mejor tratando de aportar mi granito de arena.<\/p>\n\n\n\n<figure class=\"wp-block-image\"><img loading=\"lazy\" decoding=\"async\" width=\"1024\" height=\"683\" src=\"https:\/\/2019.valencia.wordcamp.org\/files\/2019\/08\/WCMAD19-005-1024-1024x683.jpg\" alt=\"\" class=\"wp-image-2104\" srcset=\"https:\/\/valencia.wordcamp.org\/2019\/files\/2019\/08\/WCMAD19-005-1024.jpg 1024w, https:\/\/valencia.wordcamp.org\/2019\/files\/2019\/08\/WCMAD19-005-1024-300x200.jpg 300w, https:\/\/valencia.wordcamp.org\/2019\/files\/2019\/08\/WCMAD19-005-1024-768x512.jpg 768w, https:\/\/valencia.wordcamp.org\/2019\/files\/2019\/08\/WCMAD19-005-1024-450x300.jpg 450w\" sizes=\"auto, (max-width: 767px) 89vw, (max-width: 1000px) 54vw, (max-width: 1071px) 543px, 580px\" \/><\/figure>\n\n\n\n<p class=\"wp-block-paragraph\">Mis enlaces sociales son los siguientes:<br><a rel=\"noreferrer noopener\" href=\"https:\/\/twitter.com\/pablomoratinos\" target=\"_blank\">https:\/\/twitter.com\/pablomoratinos<\/a><br><a rel=\"noreferrer noopener\" href=\"https:\/\/www.facebook.com\/pablomoratinoswp\/\" target=\"_blank\">https:\/\/www.facebook.com\/pablomoratinoswp\/<\/a><br><a rel=\"noreferrer noopener\" href=\"https:\/\/www.linkedin.com\/in\/pmoratinos\/\" target=\"_blank\">https:\/\/www.linkedin.com\/in\/pmoratinos\/<\/a><\/p>\n\n\n\n<p class=\"wp-block-paragraph\">Mi web:&nbsp;<a rel=\"noreferrer noopener\" href=\"https:\/\/3ymedia.net\/\" target=\"_blank\">https:\/\/3ymedia.net<\/a><br>Mi blog personal&nbsp;<a rel=\"noreferrer noopener\" href=\"https:\/\/pablomoratinos.es\/\" target=\"_blank\">https:\/\/pablomoratinos.es<\/a><\/p>\n\t\t\t\t<\/div>\n\t\t\t<\/div>\n\n\t\t\n\t\t\t<!-- Organizers note: The id attribute is deprecated and only remains for backwards compatibility, please use the corresponding class to target individual speakers -->\n\t\t\t<div id=\"wcorg-speaker-oscar-aguilera\" class=\"wcorg-speaker wcorg-speaker-oscar-aguilera wcorg-track-sala-pequena\">\n\t\t\t\t<h2>\n\t\t\t\t\t\n\t\t\t\t\t\tOscar Aguilera\n\t\t\t\t\t\t\t\t\t<\/h2>\n\n\t\t\t\t<div class=\"wcorg-speaker-description\">\n\t\t\t\t\t<img alt='' src='https:\/\/secure.gravatar.com\/avatar\/946da737afef26cf218e5738a62cef87623d5e8a9a77cf28bf1b983e9cfabef6?s=100&#038;d=mm&#038;r=g' srcset='https:\/\/secure.gravatar.com\/avatar\/946da737afef26cf218e5738a62cef87623d5e8a9a77cf28bf1b983e9cfabef6?s=200&#038;d=mm&#038;r=g 2x' class='avatar avatar-100 photo' height='100' width='100' \/>\t\t\t\t\t\n<p class=\"wp-block-paragraph\">\u00bfQuien es Oscar Aguilera? A veces hasta yo mismo me lo pregunto. Sin lugar a duda una persona que huye de su zona de confort, que no le gusta la rutina y que ama los nuevos retos. Algunos dicen que emprendedor, loco, so\u00f1ador\u2026 yo simplemente no quiero aburrirme.<\/p>\n\n\n\n<p class=\"wp-block-paragraph\">Nac\u00ed en un pueblecito peque\u00f1o de Ja\u00e9n hace 35 a\u00f1os, en Linares-Baeza, ya comenc\u00e9 mi relaci\u00f3n con la tecnolog\u00eda y el mundo digital. Luego march\u00e9 a Madrid y recorr\u00ed gran parte de Espa\u00f1a por la profesi\u00f3n que eleg\u00ed: Militar de tropa profesional. Una vida que he compatibilizado durante 10 a\u00f1os con el desarrollo de mi vida profesional. Donde nunca he dejado de formarme.<\/p>\n\n\n\n<p class=\"wp-block-paragraph\">Hace tan solo 5 a\u00f1os aproximadamente me pidieron un favor, hacer una tienda online para un familiar. Cuando vi lo f\u00e1cil que era hacerla, pens\u00e9 que era escalable para vender y hacer negocio\u2026 y as\u00ed naci\u00f3 la semilla de mi agencia, StartGo Connection.<\/p>\n\n\n\n<p class=\"wp-block-paragraph\">Desde ese momento he dejado de trabajar para disfrutar de una pasi\u00f3n, el marketing digital y la transformaci\u00f3n de empresas. Me he ido formando en las distintas \u00e1reas del sector pero amo a una\u2026 el posicionamiento web o SEO.<\/p>\n\n\n\n<p class=\"wp-block-paragraph\">Esa lucha encarnizada contra el poderoso Google y dem\u00e1s buscadores. Al fin y al cabo somos los Robin Hood del marketing, robamos las posiciones a los grandes para dar beneficio a los peque\u00f1os. \u263a<\/p>\n\n\n\n<p class=\"wp-block-paragraph\">He volcado mi pasi\u00f3n en esto, formando una empresa 360 (transformaci\u00f3n, educaci\u00f3n y agencia) que cada d\u00eda da un salto cualitativo. Este 2019 abrimos oficina en Latam, lanzamos nuestro propio m\u00e1ster y por supuesto soy participante de WordCamp Valencia. Todo un orgullo para mi.<\/p>\n\n\n\n<p class=\"wp-block-paragraph\">No nac\u00ed con una vocaci\u00f3n, encontr\u00e9 esta profesi\u00f3n en mi camino y sin lugar a duda la mejor decisi\u00f3n de mi vida.\u00a0<\/p>\n\n\n\n<figure class=\"wp-block-image\"><img loading=\"lazy\" decoding=\"async\" width=\"800\" height=\"800\" src=\"https:\/\/2019.valencia.wordcamp.org\/files\/2019\/09\/Oscar-Aguilera-imagen-02-br.png\" alt=\"\" class=\"wp-image-2245\" srcset=\"https:\/\/valencia.wordcamp.org\/2019\/files\/2019\/09\/Oscar-Aguilera-imagen-02-br.png 800w, https:\/\/valencia.wordcamp.org\/2019\/files\/2019\/09\/Oscar-Aguilera-imagen-02-br-150x150.png 150w, https:\/\/valencia.wordcamp.org\/2019\/files\/2019\/09\/Oscar-Aguilera-imagen-02-br-300x300.png 300w, https:\/\/valencia.wordcamp.org\/2019\/files\/2019\/09\/Oscar-Aguilera-imagen-02-br-768x768.png 768w, https:\/\/valencia.wordcamp.org\/2019\/files\/2019\/09\/Oscar-Aguilera-imagen-02-br-100x100.png 100w\" sizes=\"auto, (max-width: 767px) 89vw, (max-width: 1000px) 54vw, (max-width: 1071px) 543px, 580px\" \/><figcaption>Oscar Aguilera en las oficinas de StartGo Connection<\/figcaption><\/figure>\n\t\t\t\t<\/div>\n\t\t\t<\/div>\n\n\t\t\n\t\t\t<!-- Organizers note: The id attribute is deprecated and only remains for backwards compatibility, please use the corresponding class to target individual speakers -->\n\t\t\t<div id=\"wcorg-speaker-noelia-regalado\" class=\"wcorg-speaker wcorg-speaker-noelia-regalado wcorg-track-sala-pequena\">\n\t\t\t\t<h2>\n\t\t\t\t\t\n\t\t\t\t\t\tNoelia Regalado\n\t\t\t\t\t\t\t\t\t<\/h2>\n\n\t\t\t\t<div class=\"wcorg-speaker-description\">\n\t\t\t\t\t<img alt='' src='https:\/\/secure.gravatar.com\/avatar\/a3f120b8ad7958dc8d85f2d11d586f52afc345bdfa951b6caae88f31ede36bf7?s=100&#038;d=mm&#038;r=g' srcset='https:\/\/secure.gravatar.com\/avatar\/a3f120b8ad7958dc8d85f2d11d586f52afc345bdfa951b6caae88f31ede36bf7?s=200&#038;d=mm&#038;r=g 2x' class='avatar avatar-100 photo' height='100' width='100' \/>\t\t\t\t\t\n<p class=\"wp-block-paragraph\">Mi nombre es Noelia Regalado, tengo 30 a\u00f1os y llevo 2 a\u00f1os dedicandome al posicionamiento web (SEO), actualmente trabajo como consultora SEO freelance ofreciendo mis servicios mediante mi propia web \u200b<a rel=\"noreferrer noopener\" aria-label=\"https:\/\/noeliaregalado.com (opens in a new tab)\" href=\"https:\/\/noeliaregalado.com\" target=\"_blank\">https:\/\/noeliaregalado.com<\/a>\u200b y al mismo tiempo soy CEO de\u200b <a href=\"https:\/\/seoforce.es\/\" target=\"_blank\" rel=\"noreferrer noopener\" aria-label=\"SeoForce Agency (opens in a new tab)\">SeoForce Agency<\/a>\u200b, una agencia digital de posicionamiento web. <\/p>\n\n\n\n<p class=\"wp-block-paragraph\">Comenc\u00e9 a formarme inicialmente en el mundo del marketing digital por mi cuenta tras haber trabajado m\u00e1s de 6 a\u00f1os en el sector de las telecomunicaciones como comercial de ventas, un d\u00eda me levant\u00e9 y supe que eso no era lo m\u00edo, y comenc\u00e9 a formarme para aquello que siempre me gust\u00f3, el mundo digital. <\/p>\n\n\n\n<p class=\"wp-block-paragraph\">Cu\u00e1ndo conoc\u00ed el posicionamiento web fue amor a primera vista, desde el primer momento\nen el que empec\u00e9 a tocar cosas y ver resultados supe que eso era a lo que quer\u00eda\ndedicarme por completo, y aqu\u00ed sigo, dando todo d\u00eda a d\u00eda por ayudar a mis clientes, a los\nde la agencia y a los proyectos propios a ganar posiciones en las SERPs.\n<\/p>\n\n\n\n<p class=\"wp-block-paragraph\">Mi experiencia en ponencias y formaciones acaba de empezar pr\u00e1cticamente, hace unos\nmeses tuve el placer de formar parte de un taller pr\u00e1ctico sobre posicionamiento en\nbuscadores en la c\u00e1mara de comercio de Ciudad Real donde pude vivir por primera vez la\nexperiencia de compartir mis conocimientos con el resto de personas, y eso, me hizo sentir\nmuy feliz.\n<\/p>\n\n\n\n<p class=\"wp-block-paragraph\">El pr\u00f3ximo 7 de septiembre estar\u00e9 dando una ponencia en SEOLanParty, un evento SEO\nque se realizar\u00e1 en Palam\u00f3s, y en Octubre estar\u00e9 con vosotros en mi primera WordCamp.\n<\/p>\n\n\n\n<p class=\"wp-block-paragraph\">Twitter\u00a0<a rel=\"noreferrer noopener\" href=\"https:\/\/twitter.com\/noelia_regalado\" target=\"_blank\">https:\/\/twitter.com\/noelia_regalado<\/a>\u00a0(@noelia_regalado)<br>Instagram:\u00a0<a rel=\"noreferrer noopener\" href=\"https:\/\/www.instagram.com\/noelia_regalado_\/\" target=\"_blank\">https:\/\/www.instagram.com\/noelia_regalado_\/<\/a>\u00a0(@noelia_regalado_)<br>LinkedIn:\u00a0<a rel=\"noreferrer noopener\" href=\"https:\/\/www.linkedin.com\/in\/noeliaregaladopino\/\" target=\"_blank\">https:\/\/www.linkedin.com\/in\/noeliaregaladopino\/<\/a><br>Facebook:\u00a0<a rel=\"noreferrer noopener\" href=\"https:\/\/www.facebook.com\/NoeliaRegaladoSEO\/\" target=\"_blank\">https:\/\/www.facebook.com\/NoeliaRegaladoSEO\/<\/a><\/p>\n\t\t\t\t<\/div>\n\t\t\t<\/div>\n\n\t\t\n\t\t\t<!-- Organizers note: The id attribute is deprecated and only remains for backwards compatibility, please use the corresponding class to target individual speakers -->\n\t\t\t<div id=\"wcorg-speaker-alice-orru\" class=\"wcorg-speaker wcorg-speaker-alice-orru wcorg-track-sala-grande\">\n\t\t\t\t<h2>\n\t\t\t\t\t\n\t\t\t\t\t\tAlice Orr\u00f9\n\t\t\t\t\t\t\t\t\t<\/h2>\n\n\t\t\t\t<div class=\"wcorg-speaker-description\">\n\t\t\t\t\t<img alt='' src='https:\/\/secure.gravatar.com\/avatar\/76482f13898a1584ce24304d6921b1c140ac6b37d2f8812d7194117716b9e1f6?s=100&#038;d=mm&#038;r=g' srcset='https:\/\/secure.gravatar.com\/avatar\/76482f13898a1584ce24304d6921b1c140ac6b37d2f8812d7194117716b9e1f6?s=200&#038;d=mm&#038;r=g 2x' class='avatar avatar-100 photo' height='100' width='100' \/>\t\t\t\t\t\n<p class=\"wp-block-paragraph\">\u00a1Hola!&nbsp;<\/p>\n\n\n\n<p class=\"wp-block-paragraph\">Soy Alice, italiana, y llevo siete a\u00f1os viviendo en Barcelona&#8230; \u00a1una ciudad que me encanta!<\/p>\n\n\n\n<p class=\"wp-block-paragraph\">Tengo una maestr\u00eda en Econom\u00eda, pero escribir y estudiar idiomas siempre ha sido mi verdadera pasi\u00f3n.<\/p>\n\n\n\n<figure class=\"wp-block-image\"><img loading=\"lazy\" decoding=\"async\" width=\"1024\" height=\"1024\" src=\"https:\/\/2019.valencia.wordcamp.org\/files\/2019\/10\/Alice-Orru-WordCamp-Europe-2017-1024x1024.jpg\" alt=\"\" class=\"wp-image-3268\" srcset=\"https:\/\/valencia.wordcamp.org\/2019\/files\/2019\/10\/Alice-Orru-WordCamp-Europe-2017-1024x1024.jpg 1024w, https:\/\/valencia.wordcamp.org\/2019\/files\/2019\/10\/Alice-Orru-WordCamp-Europe-2017-150x150.jpg 150w, https:\/\/valencia.wordcamp.org\/2019\/files\/2019\/10\/Alice-Orru-WordCamp-Europe-2017-300x300.jpg 300w, https:\/\/valencia.wordcamp.org\/2019\/files\/2019\/10\/Alice-Orru-WordCamp-Europe-2017-768x768.jpg 768w, https:\/\/valencia.wordcamp.org\/2019\/files\/2019\/10\/Alice-Orru-WordCamp-Europe-2017-100x100.jpg 100w\" sizes=\"auto, (max-width: 767px) 89vw, (max-width: 1000px) 54vw, (max-width: 1071px) 543px, 580px\" \/><\/figure>\n\n\n\n<p class=\"wp-block-paragraph\">Puedo combinar mis estudios y pasiones trabajando como escritora de contenidos web y traductora freelance.<\/p>\n\n\n\n<p class=\"wp-block-paragraph\">Mi relaci\u00f3n profesional con WordPress ha empezado en 2015 y ha nacido en un contexto muy personal: hasta entonces s\u00f3lo hab\u00eda utilizado WordPress para gestionar mi blog. Entonces, un d\u00eda, cuando estaba buscando nuevas oportunidades de trabajo, me encontr\u00e9 con un anuncio de WP Media que quer\u00eda incorporar a una persona multiling\u00fce para soportar el plugin WP Rocket. \u00a1Y as\u00ed es como empec\u00e9 a ganarme la vida con WordPress!<\/p>\n\n\n\n<p class=\"wp-block-paragraph\">Ahora me ocupo de gestionar el contenido en ingl\u00e9s de WP Rocket: administro el blog, escribo la newsletter y las campa\u00f1as de email marketing. Tambi\u00e9n trabajo con otras empresas en el mundo de WordPress que necesitan traducir su contenido al italiano.<\/p>\n\n\n\n<p class=\"wp-block-paragraph\">WordPress es tambi\u00e9n parte de mi vida a nivel de la comunidad. Soy GTE (General Translator Editor) para el grupo italiano de los Polyglots: traduzco y soy mentor de los nuevos colaboradores del equipo, junto con mis otros colegas GTE.<\/p>\n\n\n\n<figure class=\"wp-block-image\"><img loading=\"lazy\" decoding=\"async\" width=\"1024\" height=\"683\" src=\"https:\/\/2019.valencia.wordcamp.org\/files\/2019\/10\/WordCamp-Europe-2019-Alice-con-Tracy-Apps-1024x683.jpg\" alt=\"\" class=\"wp-image-3269\" srcset=\"https:\/\/valencia.wordcamp.org\/2019\/files\/2019\/10\/WordCamp-Europe-2019-Alice-con-Tracy-Apps-1024x683.jpg 1024w, https:\/\/valencia.wordcamp.org\/2019\/files\/2019\/10\/WordCamp-Europe-2019-Alice-con-Tracy-Apps-300x200.jpg 300w, https:\/\/valencia.wordcamp.org\/2019\/files\/2019\/10\/WordCamp-Europe-2019-Alice-con-Tracy-Apps-768x512.jpg 768w, https:\/\/valencia.wordcamp.org\/2019\/files\/2019\/10\/WordCamp-Europe-2019-Alice-con-Tracy-Apps-450x300.jpg 450w, https:\/\/valencia.wordcamp.org\/2019\/files\/2019\/10\/WordCamp-Europe-2019-Alice-con-Tracy-Apps.jpg 2048w\" sizes=\"auto, (max-width: 767px) 89vw, (max-width: 1000px) 54vw, (max-width: 1071px) 543px, 580px\" \/><\/figure>\n\n\n\n<p class=\"wp-block-paragraph\">Por supuesto, tambi\u00e9n soy apasionada de WordCamps. Habl\u00e9 por primera vez en la WordCamp Barcelona en 2016, luego en Tur\u00edn, hasta llegar a la WordCamp Europe 2017 en Par\u00eds: \u00a1una de las mayores emociones de mi aventura en el mundo WordPress!&nbsp;<\/p>\n\n\n\n<p class=\"wp-block-paragraph\">En varias ocasiones he hablado p\u00fablicamente de c\u00f3mo empec\u00e9 a trabajar en este mundo sin tener conocimientos t\u00e9cnicos previos: de hecho, mis \u00e9xitos profesionales se deben principalmente a mi curiosidad por los nuevos retos y a muchas horas de estudio y pr\u00e1ctica.<\/p>\n\n\n\n<p class=\"wp-block-paragraph\">Cuando no trabajo con WordPress, me dedico a colaborar con la mayor comunidad italiana de mujeres que aman viajar solas (Viaggio da Sola Perch\u00e9) y a leer la pila de libros que tengo en mi escritorio. \ud83d\ude09<\/p>\n\n\n\n<figure class=\"wp-block-image\"><img loading=\"lazy\" decoding=\"async\" width=\"1024\" height=\"683\" src=\"https:\/\/2019.valencia.wordcamp.org\/files\/2019\/10\/WordCamp-Europe-2018-Contributor-Day-Alice-1024x683.jpg\" alt=\"\" class=\"wp-image-3270\" srcset=\"https:\/\/valencia.wordcamp.org\/2019\/files\/2019\/10\/WordCamp-Europe-2018-Contributor-Day-Alice-1024x683.jpg 1024w, https:\/\/valencia.wordcamp.org\/2019\/files\/2019\/10\/WordCamp-Europe-2018-Contributor-Day-Alice-300x200.jpg 300w, https:\/\/valencia.wordcamp.org\/2019\/files\/2019\/10\/WordCamp-Europe-2018-Contributor-Day-Alice-768x512.jpg 768w, https:\/\/valencia.wordcamp.org\/2019\/files\/2019\/10\/WordCamp-Europe-2018-Contributor-Day-Alice-450x300.jpg 450w, https:\/\/valencia.wordcamp.org\/2019\/files\/2019\/10\/WordCamp-Europe-2018-Contributor-Day-Alice.jpg 2048w\" sizes=\"auto, (max-width: 767px) 89vw, (max-width: 1000px) 54vw, (max-width: 1071px) 543px, 580px\" \/><\/figure>\n\n\n\n<p class=\"wp-block-paragraph\">Adem\u00e1s, me gusta descubrir Barcelona y sus delicias gastron\u00f3micas.<\/p>\n\n\n\n<p class=\"wp-block-paragraph\">Si quieres echar un vistazo a mis enlaces sociales, aqu\u00ed van:&nbsp;<\/p>\n\n\n\n<ul class=\"wp-block-list\"><li><a href=\"https:\/\/www.linkedin.com\/in\/aliceorru\/\">LinkedIn<\/a><\/li><li><a href=\"https:\/\/twitter.com\/Alice_Ridice\">Twitter<\/a><\/li><li><a href=\"https:\/\/www.instagram.com\/alicetrentaequalcosa\/\">Instagram<\/a><\/li><\/ul>\n\t\t\t\t<\/div>\n\t\t\t<\/div>\n\n\t\t\n\t\t\t<!-- Organizers note: The id attribute is deprecated and only remains for backwards compatibility, please use the corresponding class to target individual speakers -->\n\t\t\t<div id=\"wcorg-speaker-ana-cirujano\" class=\"wcorg-speaker wcorg-speaker-ana-cirujano wcorg-track-sala-grande\">\n\t\t\t\t<h2>\n\t\t\t\t\t\n\t\t\t\t\t\tAna Cirujano\n\t\t\t\t\t\t\t\t\t<\/h2>\n\n\t\t\t\t<div class=\"wcorg-speaker-description\">\n\t\t\t\t\t<img alt='' src='https:\/\/secure.gravatar.com\/avatar\/83b21ee2f405251b0d09d91c3b56764b8ef19fd81cae4954dacd1520a7ab26cc?s=100&#038;d=mm&#038;r=g' srcset='https:\/\/secure.gravatar.com\/avatar\/83b21ee2f405251b0d09d91c3b56764b8ef19fd81cae4954dacd1520a7ab26cc?s=200&#038;d=mm&#038;r=g 2x' class='avatar avatar-100 photo' height='100' width='100' \/>\t\t\t\t\t\n<p class=\"wp-block-paragraph\">Dise\u00f1adora especializada en WordPress en&nbsp;<a href=\"http:\/\/anacirujano.com\/\" target=\"_blank\" rel=\"noreferrer noopener\">anacirujano.com<\/a>.<\/p>\n\n\n\n<p class=\"wp-block-paragraph\">Licenciada en Sociolog\u00eda en 2005, realizo estudios superiores de Direcci\u00f3n Comercial y Marketing en 2008.<\/p>\n\n\n\n<div class=\"wp-block-image\"><figure class=\"aligncenter\"><img loading=\"lazy\" decoding=\"async\" width=\"1024\" height=\"576\" src=\"https:\/\/2019.valencia.wordcamp.org\/files\/2019\/08\/ana-cirujano-2-1024x576-1024x576.jpg\" alt=\"\" class=\"wp-image-2521\" srcset=\"https:\/\/valencia.wordcamp.org\/2019\/files\/2019\/08\/ana-cirujano-2-1024x576.jpg 1024w, https:\/\/valencia.wordcamp.org\/2019\/files\/2019\/08\/ana-cirujano-2-1024x576-300x169.jpg 300w, https:\/\/valencia.wordcamp.org\/2019\/files\/2019\/08\/ana-cirujano-2-1024x576-768x432.jpg 768w, https:\/\/valencia.wordcamp.org\/2019\/files\/2019\/08\/ana-cirujano-2-1024x576-500x281.jpg 500w\" sizes=\"auto, (max-width: 767px) 89vw, (max-width: 1000px) 54vw, (max-width: 1071px) 543px, 580px\" \/><\/figure><\/div>\n\n\n\n<p class=\"wp-block-paragraph\">Durante diez a\u00f1os me dedico al dise\u00f1o gr\u00e1fico en la Fundaci\u00f3n Universidad-Empresa, especializ\u00e1ndome en dise\u00f1o editorial y employer branding.&nbsp;<\/p>\n\n\n\n<p class=\"wp-block-paragraph\">En 2016, curso un M\u00e1ster en Dise\u00f1o y Desarrollo Web, decido independizarme y me especializo en el desarrollo de sitios web con WordPress.<\/p>\n\n\n\n<p class=\"wp-block-paragraph\">En la actualidad, formo parte activa de la Comunidad WordPress: coordino el equipo de Dise\u00f1o de WordPress Espa\u00f1a, soy coorganizadora de la Meetup de WordPress Collado Villalba y de Torrelodones y asisto a todas las WordCamps que puedo (incluso he dado una charla en WordCamp Europe 2019).&nbsp;<\/p>\n\n\n\n<figure class=\"wp-block-image\"><img loading=\"lazy\" decoding=\"async\" width=\"1024\" height=\"683\" src=\"https:\/\/2019.valencia.wordcamp.org\/files\/2019\/09\/ana-cirujano-1024x683.jpg\" alt=\"\" class=\"wp-image-2512\" srcset=\"https:\/\/valencia.wordcamp.org\/2019\/files\/2019\/09\/ana-cirujano-1024x683.jpg 1024w, https:\/\/valencia.wordcamp.org\/2019\/files\/2019\/09\/ana-cirujano-300x200.jpg 300w, https:\/\/valencia.wordcamp.org\/2019\/files\/2019\/09\/ana-cirujano-768x512.jpg 768w, https:\/\/valencia.wordcamp.org\/2019\/files\/2019\/09\/ana-cirujano-450x300.jpg 450w, https:\/\/valencia.wordcamp.org\/2019\/files\/2019\/09\/ana-cirujano.jpg 1200w\" sizes=\"auto, (max-width: 767px) 89vw, (max-width: 1000px) 54vw, (max-width: 1071px) 543px, 580px\" \/><\/figure>\n\n\n\n<p class=\"wp-block-paragraph\">Lo cuento todo en mi blog,&nbsp;<a rel=\"noreferrer noopener\" href=\"http:\/\/easyworkation.com\/\" target=\"_blank\">easyworkation.com<\/a>&nbsp;y en el podcast&nbsp;<a rel=\"noreferrer noopener\" href=\"http:\/\/unbilleteachattanooga.com\/\" target=\"_blank\">unbilleteachattanooga.com<\/a>, con Pablo Moratinos.<\/p>\n\n\n\n<p class=\"wp-block-paragraph\">Redes sociales:<\/p>\n\n\n\n<p class=\"wp-block-paragraph\">Twitter: <a rel=\"noreferrer noopener\" aria-label=\"https:\/\/twitter.com\/acirujano (opens in a new tab)\" href=\"https:\/\/twitter.com\/acirujano\" target=\"_blank\">https:\/\/twitter.com\/acirujano<\/a><br>Linkedin: <a href=\"https:\/\/www.linkedin.com\/in\/acirujano\/\" target=\"_blank\" rel=\"noreferrer noopener\" aria-label=\"https:\/\/www.linkedin.com\/in\/acirujano\/ (opens in a new tab)\">https:\/\/www.linkedin.com\/in\/acirujano\/<\/a><\/p>\n\t\t\t\t<\/div>\n\t\t\t<\/div>\n\n\t\t\n\t\t\t<!-- Organizers note: The id attribute is deprecated and only remains for backwards compatibility, please use the corresponding class to target individual speakers -->\n\t\t\t<div id=\"wcorg-speaker-fernando-tellado\" class=\"wcorg-speaker wcorg-speaker-fernando-tellado wcorg-track-sala-grande\">\n\t\t\t\t<h2>\n\t\t\t\t\t\n\t\t\t\t\t\tFernando Tellado\n\t\t\t\t\t\t\t\t\t<\/h2>\n\n\t\t\t\t<div class=\"wcorg-speaker-description\">\n\t\t\t\t\t<img alt='' src='https:\/\/secure.gravatar.com\/avatar\/6ddc525ae47cdce6c4d632d40ad0ebdfa590fdb36dfca0c85a4cbd5cccaf5351?s=100&#038;d=mm&#038;r=g' srcset='https:\/\/secure.gravatar.com\/avatar\/6ddc525ae47cdce6c4d632d40ad0ebdfa590fdb36dfca0c85a4cbd5cccaf5351?s=200&#038;d=mm&#038;r=g 2x' class='avatar avatar-100 photo' height='100' width='100' \/>\t\t\t\t\t\n<p class=\"wp-block-paragraph\">Culpable del blog <a href=\"https:\/\/ayudawp.com\/\" target=\"_blank\" rel=\"noreferrer noopener\" aria-label=\"AyudaWP.com (opens in a new tab)\">AyudaWP.com<\/a>, apasionado consultor, desarrollador, divulgador y contribuidor WordPress.<\/p>\n\n\n\n<p class=\"wp-block-paragraph\">Embajador de marca de <a aria-label=\"SiteGround (opens in a new tab)\" href=\"https:\/\/www.siteground.es\/\" target=\"_blank\" rel=\"noreferrer noopener nofollow\">SiteGround<\/a> y autor de varios libros \u2026 sobre WordPress, c\u00f3mo no.<\/p>\n\n\n\n<figure class=\"wp-block-image\"><img loading=\"lazy\" decoding=\"async\" width=\"883\" height=\"662\" src=\"https:\/\/2019.valencia.wordcamp.org\/files\/2019\/09\/20180915_160728.jpg\" alt=\"\" class=\"wp-image-2507\" srcset=\"https:\/\/valencia.wordcamp.org\/2019\/files\/2019\/09\/20180915_160728.jpg 883w, https:\/\/valencia.wordcamp.org\/2019\/files\/2019\/09\/20180915_160728-300x225.jpg 300w, https:\/\/valencia.wordcamp.org\/2019\/files\/2019\/09\/20180915_160728-768x576.jpg 768w, https:\/\/valencia.wordcamp.org\/2019\/files\/2019\/09\/20180915_160728-400x300.jpg 400w\" sizes=\"auto, (max-width: 767px) 89vw, (max-width: 1000px) 54vw, (max-width: 1071px) 543px, 580px\" \/><\/figure>\n\n\n\n<p class=\"wp-block-paragraph\">Redes sociales<\/p>\n\n\n\n<p class=\"wp-block-paragraph\">Twitter: <a href=\"https:\/\/twitter.com\/fernandot\" target=\"_blank\" rel=\"noreferrer noopener\" aria-label=\"https:\/\/twitter.com\/fernandot (opens in a new tab)\">https:\/\/twitter.com\/fernandot<\/a>                                                              <br>Linkedin:  <a href=\"https:\/\/www.linkedin.com\/in\/fernandotellado\/\">https:\/\/www.linkedin.com\/in\/fernandotellado\/<\/a><\/p>\n\t\t\t\t<\/div>\n\t\t\t<\/div>\n\n\t\t\n\t\t\t<!-- Organizers note: The id attribute is deprecated and only remains for backwards compatibility, please use the corresponding class to target individual speakers -->\n\t\t\t<div id=\"wcorg-speaker-jose-angel-vidania\" class=\"wcorg-speaker wcorg-speaker-jose-angel-vidania wcorg-track-sala-grande\">\n\t\t\t\t<h2>\n\t\t\t\t\t\n\t\t\t\t\t\tJos\u00e9 \u00c1ngel Vidania\n\t\t\t\t\t\t\t\t\t<\/h2>\n\n\t\t\t\t<div class=\"wcorg-speaker-description\">\n\t\t\t\t\t<img alt='' src='https:\/\/secure.gravatar.com\/avatar\/1134e9f78832fe664fccb5e96105ea312d066d1ecaf6e102764b75c7965545b0?s=100&#038;d=mm&#038;r=g' srcset='https:\/\/secure.gravatar.com\/avatar\/1134e9f78832fe664fccb5e96105ea312d066d1ecaf6e102764b75c7965545b0?s=200&#038;d=mm&#038;r=g 2x' class='avatar avatar-100 photo' height='100' width='100' \/>\t\t\t\t\t\n<p class=\"wp-block-paragraph\">Dise\u00f1ador web freelance de Alcal\u00e1 de Henares que lleva utilizando WordPress como herramienta de trabajo desde finales de 2005 bajo la denominaci\u00f3n VdeVidania en&nbsp;<a href=\"http:\/\/www.vdevidania.com\/\" target=\"_blank\" rel=\"noreferrer noopener\">www.vdevidania.com<\/a>.<\/p>\n\n\n\n<p class=\"wp-block-paragraph\">Soy formador de cursos presenciales de WordPress y WooCommerce en la academia Ondas Formaci\u00f3n de Alcorc\u00f3n (Madrid) desde 2013. Tambi\u00e9n soy formador online en la plataforma de Boluda.com y CursoGutenberg.com.<\/p>\n\n\n\n<p class=\"wp-block-paragraph\">Si te interesa saber algo m\u00e1s sobre m\u00ed, puedes seguirme en twitter en @JAVidania que es donde suelo compartir enlaces acerca de WordPress, WooCommerce, Gutenberg, art\u00edculos relacionados con el dise\u00f1o web y de vez en cuando me dejo llevar por mi pasi\u00f3n futbolera.<\/p>\n\n\n\n<figure class=\"wp-block-image\"><img loading=\"lazy\" decoding=\"async\" width=\"1024\" height=\"680\" src=\"https:\/\/2019.valencia.wordcamp.org\/files\/2019\/09\/Jose-Angel-Vidania-wcgranada-1024x680.jpg\" alt=\"\" class=\"wp-image-2208\" srcset=\"https:\/\/valencia.wordcamp.org\/2019\/files\/2019\/09\/Jose-Angel-Vidania-wcgranada-1024x680.jpg 1024w, https:\/\/valencia.wordcamp.org\/2019\/files\/2019\/09\/Jose-Angel-Vidania-wcgranada-300x199.jpg 300w, https:\/\/valencia.wordcamp.org\/2019\/files\/2019\/09\/Jose-Angel-Vidania-wcgranada-768x510.jpg 768w, https:\/\/valencia.wordcamp.org\/2019\/files\/2019\/09\/Jose-Angel-Vidania-wcgranada-452x300.jpg 452w, https:\/\/valencia.wordcamp.org\/2019\/files\/2019\/09\/Jose-Angel-Vidania-wcgranada.jpg 1025w\" sizes=\"auto, (max-width: 767px) 89vw, (max-width: 1000px) 54vw, (max-width: 1071px) 543px, 580px\" \/><figcaption>Jos\u00e9 \u00c1ngel Vidania en la ponencia sobre Gutenberg en la WordCamp de Granada<\/figcaption><\/figure>\n\t\t\t\t<\/div>\n\t\t\t<\/div>\n\n\t\t\n\t\t\t<!-- Organizers note: The id attribute is deprecated and only remains for backwards compatibility, please use the corresponding class to target individual speakers -->\n\t\t\t<div id=\"wcorg-speaker-jesus-amieiro\" class=\"wcorg-speaker wcorg-speaker-jesus-amieiro wcorg-track-sala-grande\">\n\t\t\t\t<h2>\n\t\t\t\t\t\n\t\t\t\t\t\tJes\u00fas Amieiro\n\t\t\t\t\t\t\t\t\t<\/h2>\n\n\t\t\t\t<div class=\"wcorg-speaker-description\">\n\t\t\t\t\t<img alt='' src='https:\/\/secure.gravatar.com\/avatar\/2ef71a5ac0d5866fd948ac503691867122c996994fb6e117f08ae8d08de99286?s=100&#038;d=mm&#038;r=g' srcset='https:\/\/secure.gravatar.com\/avatar\/2ef71a5ac0d5866fd948ac503691867122c996994fb6e117f08ae8d08de99286?s=200&#038;d=mm&#038;r=g 2x' class='avatar avatar-100 photo' height='100' width='100' \/>\t\t\t\t\t\n<p class=\"wp-block-paragraph\">Soy Jes\u00fas Amieiro, ingeniero de telecomunicaci\u00f3n y artesano de las TIC. Trabajo como director t\u00e9cnico en Quadralia. Me dedico al desarrollo de proyectos a medida, principalmente en el \u00e1mbito de la sanidad y de la trazabilidad marina. Como tecnolog\u00edas me encuentro muy c\u00f3modo con Laravel, WordPress y, fundamentalmente, con el software libre. Participo o he participado en comunidades de PHP, WordPress y de software libre.<\/p>\n\n\n\n<p class=\"wp-block-paragraph\">Publico semanalmente \u00abLa semana PHP\u00bb (<a href=\"https:\/\/www.lasemanaphp.com\/\" target=\"_blank\" rel=\"noreferrer noopener\">https:\/\/www.lasemanaphp.com<\/a>), una colecci\u00f3n semanal de noticias, tutoriales e informaci\u00f3n relevante sobre PHP y su ecosistema: Laravel, Symfony, WordPress, Drupal&#8230;<\/p>\n\t\t\t\t<\/div>\n\t\t\t<\/div>\n\n\t\t\n\t\t\t<!-- Organizers note: The id attribute is deprecated and only remains for backwards compatibility, please use the corresponding class to target individual speakers -->\n\t\t\t<div id=\"wcorg-speaker-mauricio-gelves\" class=\"wcorg-speaker wcorg-speaker-mauricio-gelves wcorg-track-sala-grande\">\n\t\t\t\t<h2>\n\t\t\t\t\t\n\t\t\t\t\t\tMauricio Gelves\n\t\t\t\t\t\t\t\t\t<\/h2>\n\n\t\t\t\t<div class=\"wcorg-speaker-description\">\n\t\t\t\t\t<img alt='' src='https:\/\/secure.gravatar.com\/avatar\/c1e02b78939cfec5683d393e3f8ba7978bf1ed27c084bcba4cc7b414352ae0f4?s=100&#038;d=mm&#038;r=g' srcset='https:\/\/secure.gravatar.com\/avatar\/c1e02b78939cfec5683d393e3f8ba7978bf1ed27c084bcba4cc7b414352ae0f4?s=200&#038;d=mm&#038;r=g 2x' class='avatar avatar-100 photo' height='100' width='100' \/>\t\t\t\t\t\n<p class=\"wp-block-paragraph\">Mauricio&nbsp;Gelves&nbsp;es licenciado en inform\u00e1tica, trabaja como consultor web freelance en su marca personal&nbsp;<a rel=\"noreferrer noopener\" href=\"http:\/\/maugelves.com\/\" target=\"_blank\">maugelves.com<\/a>, es Brand Ambassador de SiteGround y ha sido ponente en m\u00faltiples WordCamps en Espa\u00f1a y alrededor del mundo. Desde el 2015 es N\u00f3mada Digital, actividad que combina sus dos principales pasiones: la inform\u00e1tica y los viajes. Documenta sus experiencias con art\u00edculos y videos que puedes seguir en su web, Instagram y canal de YouTube.<\/p>\n\n\n\n<figure class=\"wp-block-image\"><img loading=\"lazy\" decoding=\"async\" width=\"1024\" height=\"768\" src=\"https:\/\/2019.valencia.wordcamp.org\/files\/2019\/09\/wcbrighton-mauricio-gelves-1024x768.jpeg\" alt=\"\" class=\"wp-image-2495\" srcset=\"https:\/\/valencia.wordcamp.org\/2019\/files\/2019\/09\/wcbrighton-mauricio-gelves-1024x768.jpeg 1024w, https:\/\/valencia.wordcamp.org\/2019\/files\/2019\/09\/wcbrighton-mauricio-gelves-300x225.jpeg 300w, https:\/\/valencia.wordcamp.org\/2019\/files\/2019\/09\/wcbrighton-mauricio-gelves-768x576.jpeg 768w, https:\/\/valencia.wordcamp.org\/2019\/files\/2019\/09\/wcbrighton-mauricio-gelves-400x300.jpeg 400w, https:\/\/valencia.wordcamp.org\/2019\/files\/2019\/09\/wcbrighton-mauricio-gelves.jpeg 2048w\" sizes=\"auto, (max-width: 767px) 89vw, (max-width: 1000px) 54vw, (max-width: 1071px) 543px, 580px\" \/><\/figure>\n\n\n\n<p class=\"wp-block-paragraph\">Sitio web:&nbsp;<a rel=\"noreferrer noopener\" href=\"http:\/\/maugelves.com\/\" target=\"_blank\">maugelves.com<\/a><\/p>\n\n\n\n<p class=\"wp-block-paragraph\">Redes sociales:<br>Twitter: <a href=\"https:\/\/twitter.com\/maugelves\">@maugelves<\/a><br>YouTube:&nbsp;<a rel=\"noreferrer noopener\" href=\"https:\/\/www.youtube.com\/c\/mauriciogelves\" target=\"_blank\">https:\/\/www.youtube.com\/c\/mauriciogelves<\/a><br>Instagram:&nbsp;<a rel=\"noreferrer noopener\" href=\"https:\/\/www.instagram.com\/maugelves\/\" target=\"_blank\">https:\/\/www.instagram.com\/maugelves\/<\/a><\/p>\n\t\t\t\t<\/div>\n\t\t\t<\/div>\n\n\t\t\n\t\t\t<!-- Organizers note: The id attribute is deprecated and only remains for backwards compatibility, please use the corresponding class to target individual speakers -->\n\t\t\t<div id=\"wcorg-speaker-manel-r-domenech\" class=\"wcorg-speaker wcorg-speaker-manel-r-domenech wcorg-track-sala-grande\">\n\t\t\t\t<h2>\n\t\t\t\t\t\n\t\t\t\t\t\tManel R. Domenech\n\t\t\t\t\t\t\t\t\t<\/h2>\n\n\t\t\t\t<div class=\"wcorg-speaker-description\">\n\t\t\t\t\t<img alt='' src='https:\/\/secure.gravatar.com\/avatar\/c7c6eea84568efc0872993a4b689758849097d19a1bca7840597a53ce9b59178?s=100&#038;d=mm&#038;r=g' srcset='https:\/\/secure.gravatar.com\/avatar\/c7c6eea84568efc0872993a4b689758849097d19a1bca7840597a53ce9b59178?s=200&#038;d=mm&#038;r=g 2x' class='avatar avatar-100 photo' height='100' width='100' \/>\t\t\t\t\t\n<p class=\"wp-block-paragraph\">Profesional con m\u00e1s de 10 a\u00f1os de experiencia en eCommerce con tecnolog\u00edas como WordPress y Magento. Co-fundador de EcommPro, empresa en la que trabajo actualmente y donde desarrollamos herramientas que mejoran flujos y procesos de las plataformas de comercio electr\u00f3nico.<\/p>\n\t\t\t\t<\/div>\n\t\t\t<\/div>\n\n\t\t\n\t\t\t<!-- Organizers note: The id attribute is deprecated and only remains for backwards compatibility, please use the corresponding class to target individual speakers -->\n\t\t\t<div id=\"wcorg-speaker-carlos-rodriguez\" class=\"wcorg-speaker wcorg-speaker-carlos-rodriguez wcorg-track-sala-grande\">\n\t\t\t\t<h2>\n\t\t\t\t\t\n\t\t\t\t\t\tCarlos Rodr\u00edguez\n\t\t\t\t\t\t\t\t\t<\/h2>\n\n\t\t\t\t<div class=\"wcorg-speaker-description\">\n\t\t\t\t\t<img alt='' src='https:\/\/secure.gravatar.com\/avatar\/51a70482aad4411b17ca60859cce92e82c86fe882229a1885888f65254233449?s=100&#038;d=mm&#038;r=g' srcset='https:\/\/secure.gravatar.com\/avatar\/51a70482aad4411b17ca60859cce92e82c86fe882229a1885888f65254233449?s=200&#038;d=mm&#038;r=g 2x' class='avatar avatar-100 photo' height='100' width='100' \/>\t\t\t\t\t\n<p class=\"wp-block-paragraph\">Soy ingeniero inform\u00e1tico que actualmente se encuentra trabajando en el desarrollo y soporte de plugins para WooCommerce en YITH desde nuestra oficina de Santa Cruz de Tenerife, mi ciudad.<\/p>\n\n\n\n<p class=\"wp-block-paragraph\">Constantemente en busca de nuevas fuentes de aprendizaje y retos para aplicar en mi d\u00eda a d\u00eda.<\/p>\n\t\t\t\t<\/div>\n\t\t\t<\/div>\n\n\t\t\n\t\t\t<!-- Organizers note: The id attribute is deprecated and only remains for backwards compatibility, please use the corresponding class to target individual speakers -->\n\t\t\t<div id=\"wcorg-speaker-fernando-puente\" class=\"wcorg-speaker wcorg-speaker-fernando-puente wcorg-track-sala-grande\">\n\t\t\t\t<h2>\n\t\t\t\t\t\n\t\t\t\t\t\tFernando Puente\n\t\t\t\t\t\t\t\t\t<\/h2>\n\n\t\t\t\t<div class=\"wcorg-speaker-description\">\n\t\t\t\t\t<img alt='' src='https:\/\/secure.gravatar.com\/avatar\/374f11d3eff492f7c4d376bc44e84faeab263269a4e6047dac4e5ee87198e9e8?s=100&#038;d=mm&#038;r=g' srcset='https:\/\/secure.gravatar.com\/avatar\/374f11d3eff492f7c4d376bc44e84faeab263269a4e6047dac4e5ee87198e9e8?s=200&#038;d=mm&#038;r=g 2x' class='avatar avatar-100 photo' height='100' width='100' \/>\t\t\t\t\t\n<p class=\"wp-block-paragraph\">Soy inform\u00e1tico de vocaci\u00f3n y de profesi\u00f3n, formador ocasional, normalmente para no t\u00e9cnicos, y beginner de comer y beber.<\/p>\n\n\n\n<p class=\"wp-block-paragraph\">Llevo desde 1996 trabajando en TI, donde he ido cambiando regularmente de sector para enriquecerme como profesional y como persona; desde 2006 trabajando en medios de comunicaci\u00f3n online y un a\u00f1o despu\u00e9s con plataformas WordPress para medios propios y proyectos de terceros.\u00a0<\/p>\n\n\n\n<figure class=\"wp-block-image\"><img loading=\"lazy\" decoding=\"async\" width=\"1024\" height=\"540\" src=\"https:\/\/2019.valencia.wordcamp.org\/files\/2019\/08\/WCVLC-Fernando-Puente-02-web-1024x540.jpg\" alt=\"\" class=\"wp-image-2129\" srcset=\"https:\/\/valencia.wordcamp.org\/2019\/files\/2019\/08\/WCVLC-Fernando-Puente-02-web.jpg 1024w, https:\/\/valencia.wordcamp.org\/2019\/files\/2019\/08\/WCVLC-Fernando-Puente-02-web-300x158.jpg 300w, https:\/\/valencia.wordcamp.org\/2019\/files\/2019\/08\/WCVLC-Fernando-Puente-02-web-768x405.jpg 768w, https:\/\/valencia.wordcamp.org\/2019\/files\/2019\/08\/WCVLC-Fernando-Puente-02-web-500x264.jpg 500w\" sizes=\"auto, (max-width: 767px) 89vw, (max-width: 1000px) 54vw, (max-width: 1071px) 543px, 580px\" \/><\/figure>\n\n\n\n<p class=\"wp-block-paragraph\">La primera vez que me conect\u00e9 con un modem desde casa fue en el 1993 para acceder al correo de mi facultad y mi primera web para un tercero la puse en marcha en el 1995, compatible con Netscape por supuesto.<\/p>\n\n\n\n<p class=\"wp-block-paragraph\">COBOL, Fortran, Basic, Lisp, C, C++, ColdFusion, Visual Basic, Java, Python, PHP, .Net,&#8230;. casi ni recuerdo con cu\u00e1ntos lenguajes y tecnolog\u00edas he trabajado en todos estos a\u00f1os. <\/p>\n\n\n\n<p class=\"wp-block-paragraph\">Creo que lo m\u00e1s raro que he hecho en mi vida, tecnol\u00f3gicamente hablando, ha sido un generador din\u00e1mico de p\u00e1ginas de teletexto alimentado por servicios de informaci\u00f3n y por contenidos SMS de usuarios.<\/p>\n\n\n\n<figure class=\"wp-block-image\"><img loading=\"lazy\" decoding=\"async\" width=\"1024\" height=\"576\" src=\"https:\/\/2019.valencia.wordcamp.org\/files\/2019\/08\/WCVLC-Fernando-Puente-07-web-1024x576.jpg\" alt=\"\" class=\"wp-image-2130\" srcset=\"https:\/\/valencia.wordcamp.org\/2019\/files\/2019\/08\/WCVLC-Fernando-Puente-07-web.jpg 1024w, https:\/\/valencia.wordcamp.org\/2019\/files\/2019\/08\/WCVLC-Fernando-Puente-07-web-300x169.jpg 300w, https:\/\/valencia.wordcamp.org\/2019\/files\/2019\/08\/WCVLC-Fernando-Puente-07-web-768x432.jpg 768w, https:\/\/valencia.wordcamp.org\/2019\/files\/2019\/08\/WCVLC-Fernando-Puente-07-web-500x281.jpg 500w\" sizes=\"auto, (max-width: 767px) 89vw, (max-width: 1000px) 54vw, (max-width: 1071px) 543px, 580px\" \/><\/figure>\n\n\n\n<p class=\"wp-block-paragraph\">Me gano la vida trabajando como consultor t\u00e9cnico y de negocio para diferentes empresas y en diferentes sectores, y como formador en diferentes \u00e1reas.<br>Estoy especializado en proyectos internacionales de alto tr\u00e1fico, tanto de medios de comunicaci\u00f3n como de comercio electr\u00f3nico.<\/p>\n\n\n\n<figure class=\"wp-block-image\"><img loading=\"lazy\" decoding=\"async\" width=\"1024\" height=\"683\" src=\"https:\/\/2019.valencia.wordcamp.org\/files\/2019\/08\/WCVLC-Fernando-Puente-08-web-1024x683.jpg\" alt=\"\" class=\"wp-image-2131\" srcset=\"https:\/\/valencia.wordcamp.org\/2019\/files\/2019\/08\/WCVLC-Fernando-Puente-08-web.jpg 1024w, https:\/\/valencia.wordcamp.org\/2019\/files\/2019\/08\/WCVLC-Fernando-Puente-08-web-300x200.jpg 300w, https:\/\/valencia.wordcamp.org\/2019\/files\/2019\/08\/WCVLC-Fernando-Puente-08-web-768x512.jpg 768w, https:\/\/valencia.wordcamp.org\/2019\/files\/2019\/08\/WCVLC-Fernando-Puente-08-web-450x300.jpg 450w\" sizes=\"auto, (max-width: 767px) 89vw, (max-width: 1000px) 54vw, (max-width: 1071px) 543px, 580px\" \/><\/figure>\n\n\n\n<p class=\"wp-block-paragraph\">Puedes seguirme en Twitter: @fpuenteonline <br>y visitar mi perfil de linkedin en\u00a0<a rel=\"noreferrer noopener\" href=\"https:\/\/www.linkedin.com\/in\/fpuente\/\" target=\"_blank\">https:\/\/www.linkedin.com\/in\/fpuente\/<\/a><\/p>\n\t\t\t\t<\/div>\n\t\t\t<\/div>\n\n\t\t\n\t<\/div>\n\n\t\n","protected":false},"excerpt":{"rendered":"","protected":false},"author":31259,"featured_media":0,"parent":0,"menu_order":5,"comment_status":"closed","ping_status":"closed","template":"","meta":{"_crdt_document":"","jetpack_post_was_ever_published":false,"footnotes":""},"class_list":["post-8","page","type-page","status-publish","hentry"],"jetpack_sharing_enabled":true,"jetpack_shortlink":"https:\/\/wp.me\/PaMxYZ-8","_links":{"self":[{"href":"https:\/\/valencia.wordcamp.org\/2019\/wp-json\/wp\/v2\/pages\/8","targetHints":{"allow":["GET"]}}],"collection":[{"href":"https:\/\/valencia.wordcamp.org\/2019\/wp-json\/wp\/v2\/pages"}],"about":[{"href":"https:\/\/valencia.wordcamp.org\/2019\/wp-json\/wp\/v2\/types\/page"}],"author":[{"embeddable":true,"href":"https:\/\/valencia.wordcamp.org\/2019\/wp-json\/wp\/v2\/users\/31259"}],"replies":[{"embeddable":true,"href":"https:\/\/valencia.wordcamp.org\/2019\/wp-json\/wp\/v2\/comments?post=8"}],"version-history":[{"count":9,"href":"https:\/\/valencia.wordcamp.org\/2019\/wp-json\/wp\/v2\/pages\/8\/revisions"}],"predecessor-version":[{"id":2114,"href":"https:\/\/valencia.wordcamp.org\/2019\/wp-json\/wp\/v2\/pages\/8\/revisions\/2114"}],"wp:attachment":[{"href":"https:\/\/valencia.wordcamp.org\/2019\/wp-json\/wp\/v2\/media?parent=8"}],"curies":[{"name":"wp","href":"https:\/\/api.w.org\/{rel}","templated":true}]}}