{"id":1738,"date":"2019-08-12T10:26:49","date_gmt":"2019-08-12T08:26:49","guid":{"rendered":"https:\/\/2019.valencia.wordcamp.org\/?post_type=wcb_speaker&#038;p=1738"},"modified":"2019-10-16T18:59:55","modified_gmt":"2019-10-16T16:59:55","slug":"alice-orru","status":"publish","type":"wcb_speaker","link":"https:\/\/valencia.wordcamp.org\/2019\/speaker\/alice-orru\/","title":{"rendered":"Alice Orr\u00f9"},"content":{"rendered":"\n<p class=\"wp-block-paragraph\">\u00a1Hola!&nbsp;<\/p>\n\n\n\n<p class=\"wp-block-paragraph\">Soy Alice, italiana, y llevo siete a\u00f1os viviendo en Barcelona&#8230; \u00a1una ciudad que me encanta!<\/p>\n\n\n\n<p class=\"wp-block-paragraph\">Tengo una maestr\u00eda en Econom\u00eda, pero escribir y estudiar idiomas siempre ha sido mi verdadera pasi\u00f3n.<\/p>\n\n\n\n<figure class=\"wp-block-image\"><img loading=\"lazy\" decoding=\"async\" width=\"1024\" height=\"1024\" src=\"https:\/\/2019.valencia.wordcamp.org\/files\/2019\/10\/Alice-Orru-WordCamp-Europe-2017-1024x1024.jpg\" alt=\"\" class=\"wp-image-3268\" srcset=\"https:\/\/valencia.wordcamp.org\/2019\/files\/2019\/10\/Alice-Orru-WordCamp-Europe-2017-1024x1024.jpg 1024w, https:\/\/valencia.wordcamp.org\/2019\/files\/2019\/10\/Alice-Orru-WordCamp-Europe-2017-150x150.jpg 150w, https:\/\/valencia.wordcamp.org\/2019\/files\/2019\/10\/Alice-Orru-WordCamp-Europe-2017-300x300.jpg 300w, https:\/\/valencia.wordcamp.org\/2019\/files\/2019\/10\/Alice-Orru-WordCamp-Europe-2017-768x768.jpg 768w, https:\/\/valencia.wordcamp.org\/2019\/files\/2019\/10\/Alice-Orru-WordCamp-Europe-2017-100x100.jpg 100w\" sizes=\"auto, (max-width: 767px) 89vw, (max-width: 1000px) 54vw, (max-width: 1071px) 543px, 580px\" \/><\/figure>\n\n\n\n<p class=\"wp-block-paragraph\">Puedo combinar mis estudios y pasiones trabajando como escritora de contenidos web y traductora freelance.<\/p>\n\n\n\n<p class=\"wp-block-paragraph\">Mi relaci\u00f3n profesional con WordPress ha empezado en 2015 y ha nacido en un contexto muy personal: hasta entonces s\u00f3lo hab\u00eda utilizado WordPress para gestionar mi blog. Entonces, un d\u00eda, cuando estaba buscando nuevas oportunidades de trabajo, me encontr\u00e9 con un anuncio de WP Media que quer\u00eda incorporar a una persona multiling\u00fce para soportar el plugin WP Rocket. \u00a1Y as\u00ed es como empec\u00e9 a ganarme la vida con WordPress!<\/p>\n\n\n\n<p class=\"wp-block-paragraph\">Ahora me ocupo de gestionar el contenido en ingl\u00e9s de WP Rocket: administro el blog, escribo la newsletter y las campa\u00f1as de email marketing. Tambi\u00e9n trabajo con otras empresas en el mundo de WordPress que necesitan traducir su contenido al italiano.<\/p>\n\n\n\n<p class=\"wp-block-paragraph\">WordPress es tambi\u00e9n parte de mi vida a nivel de la comunidad. Soy GTE (General Translator Editor) para el grupo italiano de los Polyglots: traduzco y soy mentor de los nuevos colaboradores del equipo, junto con mis otros colegas GTE.<\/p>\n\n\n\n<figure class=\"wp-block-image\"><img loading=\"lazy\" decoding=\"async\" width=\"1024\" height=\"683\" src=\"https:\/\/2019.valencia.wordcamp.org\/files\/2019\/10\/WordCamp-Europe-2019-Alice-con-Tracy-Apps-1024x683.jpg\" alt=\"\" class=\"wp-image-3269\" srcset=\"https:\/\/valencia.wordcamp.org\/2019\/files\/2019\/10\/WordCamp-Europe-2019-Alice-con-Tracy-Apps-1024x683.jpg 1024w, https:\/\/valencia.wordcamp.org\/2019\/files\/2019\/10\/WordCamp-Europe-2019-Alice-con-Tracy-Apps-300x200.jpg 300w, https:\/\/valencia.wordcamp.org\/2019\/files\/2019\/10\/WordCamp-Europe-2019-Alice-con-Tracy-Apps-768x512.jpg 768w, https:\/\/valencia.wordcamp.org\/2019\/files\/2019\/10\/WordCamp-Europe-2019-Alice-con-Tracy-Apps-450x300.jpg 450w, https:\/\/valencia.wordcamp.org\/2019\/files\/2019\/10\/WordCamp-Europe-2019-Alice-con-Tracy-Apps.jpg 2048w\" sizes=\"auto, (max-width: 767px) 89vw, (max-width: 1000px) 54vw, (max-width: 1071px) 543px, 580px\" \/><\/figure>\n\n\n\n<p class=\"wp-block-paragraph\">Por supuesto, tambi\u00e9n soy apasionada de WordCamps. Habl\u00e9 por primera vez en la WordCamp Barcelona en 2016, luego en Tur\u00edn, hasta llegar a la WordCamp Europe 2017 en Par\u00eds: \u00a1una de las mayores emociones de mi aventura en el mundo WordPress!&nbsp;<\/p>\n\n\n\n<p class=\"wp-block-paragraph\">En varias ocasiones he hablado p\u00fablicamente de c\u00f3mo empec\u00e9 a trabajar en este mundo sin tener conocimientos t\u00e9cnicos previos: de hecho, mis \u00e9xitos profesionales se deben principalmente a mi curiosidad por los nuevos retos y a muchas horas de estudio y pr\u00e1ctica.<\/p>\n\n\n\n<p class=\"wp-block-paragraph\">Cuando no trabajo con WordPress, me dedico a colaborar con la mayor comunidad italiana de mujeres que aman viajar solas (Viaggio da Sola Perch\u00e9) y a leer la pila de libros que tengo en mi escritorio. \ud83d\ude09<\/p>\n\n\n\n<figure class=\"wp-block-image\"><img loading=\"lazy\" decoding=\"async\" width=\"1024\" height=\"683\" src=\"https:\/\/2019.valencia.wordcamp.org\/files\/2019\/10\/WordCamp-Europe-2018-Contributor-Day-Alice-1024x683.jpg\" alt=\"\" class=\"wp-image-3270\" srcset=\"https:\/\/valencia.wordcamp.org\/2019\/files\/2019\/10\/WordCamp-Europe-2018-Contributor-Day-Alice-1024x683.jpg 1024w, https:\/\/valencia.wordcamp.org\/2019\/files\/2019\/10\/WordCamp-Europe-2018-Contributor-Day-Alice-300x200.jpg 300w, https:\/\/valencia.wordcamp.org\/2019\/files\/2019\/10\/WordCamp-Europe-2018-Contributor-Day-Alice-768x512.jpg 768w, https:\/\/valencia.wordcamp.org\/2019\/files\/2019\/10\/WordCamp-Europe-2018-Contributor-Day-Alice-450x300.jpg 450w, https:\/\/valencia.wordcamp.org\/2019\/files\/2019\/10\/WordCamp-Europe-2018-Contributor-Day-Alice.jpg 2048w\" sizes=\"auto, (max-width: 767px) 89vw, (max-width: 1000px) 54vw, (max-width: 1071px) 543px, 580px\" \/><\/figure>\n\n\n\n<p class=\"wp-block-paragraph\">Adem\u00e1s, me gusta descubrir Barcelona y sus delicias gastron\u00f3micas.<\/p>\n\n\n\n<p class=\"wp-block-paragraph\">Si quieres echar un vistazo a mis enlaces sociales, aqu\u00ed van:&nbsp;<\/p>\n\n\n\n<ul class=\"wp-block-list\"><li><a href=\"https:\/\/www.linkedin.com\/in\/aliceorru\/\">LinkedIn<\/a><\/li><li><a href=\"https:\/\/twitter.com\/Alice_Ridice\">Twitter<\/a><\/li><li><a href=\"https:\/\/www.instagram.com\/alicetrentaequalcosa\/\">Instagram<\/a><\/li><\/ul>\n","protected":false},"excerpt":{"rendered":"<p>\u00a1Hola!&nbsp; Soy Alice, italiana, y llevo siete a\u00f1os viviendo en Barcelona&#8230; \u00a1una ciudad que me encanta! Tengo una maestr\u00eda en Econom\u00eda, pero escribir y estudiar idiomas siempre ha sido mi verdadera pasi\u00f3n. Puedo combinar mis estudios y pasiones trabajando como escritora de contenidos web y traductora freelance. Mi relaci\u00f3n profesional con WordPress ha empezado en &hellip; <\/p>\n<p class=\"link-more\"><a href=\"https:\/\/valencia.wordcamp.org\/2019\/speaker\/alice-orru\/\" class=\"more-link\">Continuar leyendo<span class=\"screen-reader-text\"> \u00abAlice Orr\u00f9\u00bb<\/span><\/a><\/p>\n","protected":false},"author":15679009,"featured_media":0,"comment_status":"closed","ping_status":"closed","template":"","meta":{"_crdt_document":"","jetpack_post_was_ever_published":false,"_wcpt_user_name":"aliceorru","footnotes":""},"speaker_group":[],"class_list":["post-1738","wcb_speaker","type-wcb_speaker","status-publish","hentry"],"jetpack_sharing_enabled":true,"jetpack_shortlink":"https:\/\/wp.me\/paMxYZ-s2","avatar_urls":{"24":"https:\/\/secure.gravatar.com\/avatar\/76482f13898a1584ce24304d6921b1c140ac6b37d2f8812d7194117716b9e1f6?s=24&d=mm&r=g","48":"https:\/\/secure.gravatar.com\/avatar\/76482f13898a1584ce24304d6921b1c140ac6b37d2f8812d7194117716b9e1f6?s=48&d=mm&r=g","96":"https:\/\/secure.gravatar.com\/avatar\/76482f13898a1584ce24304d6921b1c140ac6b37d2f8812d7194117716b9e1f6?s=96&d=mm&r=g","128":"https:\/\/secure.gravatar.com\/avatar\/76482f13898a1584ce24304d6921b1c140ac6b37d2f8812d7194117716b9e1f6?s=128&d=mm&r=g","256":"https:\/\/secure.gravatar.com\/avatar\/76482f13898a1584ce24304d6921b1c140ac6b37d2f8812d7194117716b9e1f6?s=256&d=mm&r=g","512":"https:\/\/secure.gravatar.com\/avatar\/76482f13898a1584ce24304d6921b1c140ac6b37d2f8812d7194117716b9e1f6?s=512&d=mm&r=g"},"_links":{"self":[{"href":"https:\/\/valencia.wordcamp.org\/2019\/wp-json\/wp\/v2\/speakers\/1738","targetHints":{"allow":["GET"]}}],"collection":[{"href":"https:\/\/valencia.wordcamp.org\/2019\/wp-json\/wp\/v2\/speakers"}],"about":[{"href":"https:\/\/valencia.wordcamp.org\/2019\/wp-json\/wp\/v2\/types\/wcb_speaker"}],"author":[{"embeddable":true,"href":"https:\/\/valencia.wordcamp.org\/2019\/wp-json\/wp\/v2\/users\/15679009"}],"replies":[{"embeddable":true,"href":"https:\/\/valencia.wordcamp.org\/2019\/wp-json\/wp\/v2\/comments?post=1738"}],"version-history":[{"count":5,"href":"https:\/\/valencia.wordcamp.org\/2019\/wp-json\/wp\/v2\/speakers\/1738\/revisions"}],"predecessor-version":[{"id":3273,"href":"https:\/\/valencia.wordcamp.org\/2019\/wp-json\/wp\/v2\/speakers\/1738\/revisions\/3273"}],"sessions":[{"embeddable":true,"href":"https:\/\/valencia.wordcamp.org\/2019\/wp-json\/wp\/v2\/sessions\/1771?_embed=1&context=view"}],"wp:attachment":[{"href":"https:\/\/valencia.wordcamp.org\/2019\/wp-json\/wp\/v2\/media?parent=1738"}],"wp:term":[{"taxonomy":"wcb_speaker_group","embeddable":true,"href":"https:\/\/valencia.wordcamp.org\/2019\/wp-json\/wp\/v2\/speaker_group?post=1738"}],"curies":[{"name":"wp","href":"https:\/\/api.w.org\/{rel}","templated":true}]}}