{"id":1767,"date":"2019-08-12T10:41:52","date_gmt":"2019-08-12T08:41:52","guid":{"rendered":"https:\/\/2019.valencia.wordcamp.org\/?post_type=wcb_speaker&#038;p=1767"},"modified":"2019-09-15T14:31:08","modified_gmt":"2019-09-15T12:31:08","slug":"dani-serrano","status":"publish","type":"wcb_speaker","link":"https:\/\/valencia.wordcamp.org\/2019\/speaker\/dani-serrano\/","title":{"rendered":"Dani Serrano"},"content":{"rendered":"\n<p class=\"wp-block-paragraph\">Desarrollador y formador especializado en WordPress e Ilusionado por la vida y por<br> hacer buenas relaciones.<\/p>\n\n\n\n<p class=\"wp-block-paragraph\">Puedes saber m\u00e1s sobre mi en <a rel=\"noreferrer noopener\" aria-label=\"soydani.com (opens in a new tab)\" href=\"http:\/\/soydani.com\" target=\"_blank\">soydani.com<\/a><\/p>\n\n\n\n<p class=\"wp-block-paragraph\">Actualmente trabajo como gestor de proyectos y desarrollador en <a rel=\"noreferrer noopener\" aria-label=\"Emermedia (opens in a new tab)\" href=\"https:\/\/www.emermedia.com\/\" target=\"_blank\">Emermedia<\/a> junto a otros dos Danis (s\u00ed Vitamina D a tope) que conoc\u00ed en la WordCamp de Chiclana de 2017, hacemos desarrollos a medida de proyectos digitales para empresas y profesionales. Cada uno est\u00e1 especializado en un \u00e1rea y adem\u00e1s tenemos una red de contactos con otros profesionales. De esta manera podemos dar un servicio completo al cliente haciendo cada uno de nosotros lo que realmente nos gusta y apasiona.<br><\/p>\n\n\n\n<p class=\"wp-block-paragraph\">Aqu\u00ed estamos los 3 en una sesi\u00f3n de fotos, esta en concreto es para la p\u00e1gina 404 de nuestra web:<\/p>\n\n\n\n<figure class=\"wp-block-image\"><img loading=\"lazy\" decoding=\"async\" width=\"601\" height=\"217\" src=\"https:\/\/2019.valencia.wordcamp.org\/files\/2019\/09\/Captura-de-pantalla-2019-09-15-a-las-14.23.38.png\" alt=\"\" class=\"wp-image-2470\" srcset=\"https:\/\/valencia.wordcamp.org\/2019\/files\/2019\/09\/Captura-de-pantalla-2019-09-15-a-las-14.23.38.png 601w, https:\/\/valencia.wordcamp.org\/2019\/files\/2019\/09\/Captura-de-pantalla-2019-09-15-a-las-14.23.38-300x108.png 300w, https:\/\/valencia.wordcamp.org\/2019\/files\/2019\/09\/Captura-de-pantalla-2019-09-15-a-las-14.23.38-500x181.png 500w\" sizes=\"auto, (max-width: 601px) 100vw, 601px\" \/><\/figure>\n\n\n\n<p class=\"wp-block-paragraph\">Como te dec\u00eda al principio tambi\u00e9n hago formaci\u00f3n, en este caso desde <a rel=\"noreferrer noopener\" aria-label=\"Cursos WordPress Madrid (opens in a new tab)\" href=\"https:\/\/cursoswpmadrid.com\/\" target=\"_blank\">Cursos WordPress Madrid<\/a> junto a Gerardo Garc\u00eda, que conoc\u00ed en mi primera participaci\u00f3n en una WordCamp en concreto en Madrid del 2017, hacemos cursos de WordPress como nos hubiera gustado a nosotros aprenderlo, con buen humor y partiendo desde cero. Incluso tenemos un documento con la definici\u00f3n de todos los t\u00e9rminos que utilizamos y que es posible que alguien no conozca como pueden ser: SEO, Host, URL etc.<\/p>\n\n\n\n<p class=\"wp-block-paragraph\">Tenemos 3 formatos diferentes:<br> \u25cf Cursos de WordPress presencial en Madrid.<br> \u25cf Cursos de WordPress presencial Online.<br> \u25cf Cursos de WordPress portable, para descargar y poder hacer cuando t\u00fa quieras.<br> Si tienes inter\u00e9s puedes ponerte en contacto sin ning\u00fan compromiso y adem\u00e1s si nos dices que vienes desde #WCVLC buscaremos un mejor precio para t\u00ed \ud83d\ude42<br><\/p>\n\n\n\n<p class=\"wp-block-paragraph\">En esta foto estamos en Madrid, en las Oficinas de SiteGround, dando uno de nuestros cursos presenciales:<\/p>\n\n\n\n<figure class=\"wp-block-image\"><img loading=\"lazy\" decoding=\"async\" width=\"603\" height=\"341\" src=\"https:\/\/2019.valencia.wordcamp.org\/files\/2019\/09\/Captura-de-pantalla-2019-09-15-a-las-14.23.46.png\" alt=\"\" class=\"wp-image-2474\" srcset=\"https:\/\/valencia.wordcamp.org\/2019\/files\/2019\/09\/Captura-de-pantalla-2019-09-15-a-las-14.23.46.png 603w, https:\/\/valencia.wordcamp.org\/2019\/files\/2019\/09\/Captura-de-pantalla-2019-09-15-a-las-14.23.46-300x170.png 300w, https:\/\/valencia.wordcamp.org\/2019\/files\/2019\/09\/Captura-de-pantalla-2019-09-15-a-las-14.23.46-500x283.png 500w\" sizes=\"auto, (max-width: 603px) 100vw, 603px\" \/><\/figure>\n\n\n\n<p class=\"wp-block-paragraph\"> Y para terminar, ilusionado por la vida y hacer buenas relaciones, hacer networking, es algo que me encanta.<\/p>\n\n\n\n<p class=\"wp-block-paragraph\">Sin ir m\u00e1s lejos, los dos proyectos que te acabo de presentar los hago con personas que he conocido en diferentes WordCamps y que con el paso del tiempo nos ha surgido trabajar juntos.<\/p>\n\n\n\n<p class=\"wp-block-paragraph\">Llevo menos de 2 a\u00f1os como trabajador por cuenta propia y si algo he aprendido es que debemos conectar con otras personas, haciendo buenos contactos y buenas relaciones podemos conseguir todo aquello que necesitamos.<\/p>\n\n\n\n<p class=\"wp-block-paragraph\">Aqu\u00ed est\u00e1 una imagen de aquel d\u00eda que comenz\u00f3 todo:<\/p>\n\n\n\n<figure class=\"wp-block-image\"><img loading=\"lazy\" decoding=\"async\" width=\"596\" height=\"400\" src=\"https:\/\/2019.valencia.wordcamp.org\/files\/2019\/09\/Captura-de-pantalla-2019-09-15-a-las-14.23.56.png\" alt=\"\" class=\"wp-image-2477\" srcset=\"https:\/\/valencia.wordcamp.org\/2019\/files\/2019\/09\/Captura-de-pantalla-2019-09-15-a-las-14.23.56.png 596w, https:\/\/valencia.wordcamp.org\/2019\/files\/2019\/09\/Captura-de-pantalla-2019-09-15-a-las-14.23.56-300x201.png 300w, https:\/\/valencia.wordcamp.org\/2019\/files\/2019\/09\/Captura-de-pantalla-2019-09-15-a-las-14.23.56-447x300.png 447w\" sizes=\"auto, (max-width: 596px) 100vw, 596px\" \/><\/figure>\n\n\n\n<p class=\"wp-block-paragraph\">Por lo tanto, si nos vemos no dudes en saludarme, seguro que tenemos una buena conversaci\u00f3n por delante \ud83d\ude42<\/p>\n\n\n\n<p class=\"wp-block-paragraph\">Redes sociales:                                                                               <\/p>\n\n\n\n<p class=\"wp-block-paragraph\"><a href=\"https:\/\/twitter.com\/DaniSerrano_\">https:\/\/twitter.com\/DaniSerrano_<\/a>                                           <a rel=\"noreferrer noopener\" href=\"https:\/\/www.linkedin.com\/in\/dani-serrano\/\" target=\"_blank\">https:\/\/www.linkedin.com\/in\/dani-serrano\/<\/a>  <a href=\"https:\/\/www.instagram.com\/daniserrano_\/\">https:\/\/www.instagram.com\/daniserrano_\/<\/a> <a href=\"https:\/\/www.facebook.com\/dani.serrano.wordpress\">https:\/\/www.facebook.com\/dani.serrano.wordpress<\/a><\/p>\n","protected":false},"excerpt":{"rendered":"<p>Desarrollador y formador especializado en WordPress e Ilusionado por la vida y por hacer buenas relaciones. Puedes saber m\u00e1s sobre mi en soydani.com Actualmente trabajo como gestor de proyectos y desarrollador en Emermedia junto a otros dos Danis (s\u00ed Vitamina D a tope) que conoc\u00ed en la WordCamp de Chiclana de 2017, hacemos desarrollos a &hellip; <\/p>\n<p class=\"link-more\"><a href=\"https:\/\/valencia.wordcamp.org\/2019\/speaker\/dani-serrano\/\" class=\"more-link\">Continuar leyendo<span class=\"screen-reader-text\"> \u00abDani Serrano\u00bb<\/span><\/a><\/p>\n","protected":false},"author":15679009,"featured_media":0,"comment_status":"closed","ping_status":"closed","template":"","meta":{"_crdt_document":"","jetpack_post_was_ever_published":false,"_wcpt_user_name":"daniserrano","footnotes":""},"speaker_group":[],"class_list":["post-1767","wcb_speaker","type-wcb_speaker","status-publish","hentry"],"jetpack_sharing_enabled":true,"jetpack_shortlink":"https:\/\/wp.me\/paMxYZ-sv","avatar_urls":{"24":"https:\/\/secure.gravatar.com\/avatar\/5cb192023d44989934e8dd3257624ee0349478e192a939dff42cf1553e7cf117?s=24&d=mm&r=g","48":"https:\/\/secure.gravatar.com\/avatar\/5cb192023d44989934e8dd3257624ee0349478e192a939dff42cf1553e7cf117?s=48&d=mm&r=g","96":"https:\/\/secure.gravatar.com\/avatar\/5cb192023d44989934e8dd3257624ee0349478e192a939dff42cf1553e7cf117?s=96&d=mm&r=g","128":"https:\/\/secure.gravatar.com\/avatar\/5cb192023d44989934e8dd3257624ee0349478e192a939dff42cf1553e7cf117?s=128&d=mm&r=g","256":"https:\/\/secure.gravatar.com\/avatar\/5cb192023d44989934e8dd3257624ee0349478e192a939dff42cf1553e7cf117?s=256&d=mm&r=g","512":"https:\/\/secure.gravatar.com\/avatar\/5cb192023d44989934e8dd3257624ee0349478e192a939dff42cf1553e7cf117?s=512&d=mm&r=g"},"_links":{"self":[{"href":"https:\/\/valencia.wordcamp.org\/2019\/wp-json\/wp\/v2\/speakers\/1767","targetHints":{"allow":["GET"]}}],"collection":[{"href":"https:\/\/valencia.wordcamp.org\/2019\/wp-json\/wp\/v2\/speakers"}],"about":[{"href":"https:\/\/valencia.wordcamp.org\/2019\/wp-json\/wp\/v2\/types\/wcb_speaker"}],"author":[{"embeddable":true,"href":"https:\/\/valencia.wordcamp.org\/2019\/wp-json\/wp\/v2\/users\/15679009"}],"replies":[{"embeddable":true,"href":"https:\/\/valencia.wordcamp.org\/2019\/wp-json\/wp\/v2\/comments?post=1767"}],"version-history":[{"count":15,"href":"https:\/\/valencia.wordcamp.org\/2019\/wp-json\/wp\/v2\/speakers\/1767\/revisions"}],"predecessor-version":[{"id":2480,"href":"https:\/\/valencia.wordcamp.org\/2019\/wp-json\/wp\/v2\/speakers\/1767\/revisions\/2480"}],"sessions":[{"embeddable":true,"href":"https:\/\/valencia.wordcamp.org\/2019\/wp-json\/wp\/v2\/sessions\/1771?_embed=1&context=view"}],"wp:attachment":[{"href":"https:\/\/valencia.wordcamp.org\/2019\/wp-json\/wp\/v2\/media?parent=1767"}],"wp:term":[{"taxonomy":"wcb_speaker_group","embeddable":true,"href":"https:\/\/valencia.wordcamp.org\/2019\/wp-json\/wp\/v2\/speaker_group?post=1767"}],"curies":[{"name":"wp","href":"https:\/\/api.w.org\/{rel}","templated":true}]}}