{"id":1776,"date":"2019-08-12T10:49:15","date_gmt":"2019-08-12T08:49:15","guid":{"rendered":"https:\/\/2019.valencia.wordcamp.org\/?post_type=wcb_speaker&#038;p=1776"},"modified":"2019-09-17T12:24:27","modified_gmt":"2019-09-17T10:24:27","slug":"pablo-viedma","status":"publish","type":"wcb_speaker","link":"https:\/\/valencia.wordcamp.org\/2019\/speaker\/pablo-viedma\/","title":{"rendered":"Pablo Viedma"},"content":{"rendered":"\n<p class=\"wp-block-paragraph\">\u00a1Hola!<\/p>\n\n\n\n<p class=\"wp-block-paragraph\">Soy un Abogado friki, apasionado de la innovaci\u00f3n, las nuevas tecnolog\u00edas y como no \u00a1Del Derecho! Me defino como un #changemaker, con alma de comunicador, al que le gusta estar en constante aprendizaje, y compartir conocimiento. Es por eso que me apunto a cualquier fiesta; y aunque sea mi primera vez en los WordCamp he sido ponente en el <a rel=\"noreferrer noopener\" aria-label=\"CIT Marbella (opens in a new tab)\" href=\"https:\/\/www.citmarbella.es\/\" target=\"_blank\">CIT Marbella<\/a>, en institutos, en el <a rel=\"noreferrer noopener\" aria-label=\"ICA M\u00e1laga (opens in a new tab)\" href=\"https:\/\/campus.icamalaga.es\/course\/info.php?id=99\" target=\"_blank\">ICA M\u00e1laga<\/a>, y ahora ser\u00e9 ponente en el <a href=\"https:\/\/2019.valencia.wordcamp.org\/ponentes\/\">WC Valencia<\/a>, en el <a href=\"http:\/\/www.congresojuridicoabogaciaicamalaga.es\/auditorio-b-tirant-lo-blanch\" target=\"_blank\" rel=\"noreferrer noopener\" aria-label=\"Congreso de la Abogac\u00eda de M\u00e1laga (opens in a new tab)\">Congreso de la Abogac\u00eda de M\u00e1laga<\/a>, y co-director de un curso de nuevas tecnolog\u00edas tambi\u00e9n en el ICA M\u00e1laga.<\/p>\n\n\n\n<p class=\"wp-block-paragraph\">S\u00e9 que puede sonar algo trillado ya, eso del abogado de nuevas tecnolog\u00edas y privacidad, pero en mi caso, mi trabajo es pasi\u00f3n y lo cre\u00e1is o no, yo soy diferente.Soy graduado en Derecho por la Universidad de M\u00e1laga con especializaci\u00f3n en comercio internacional, electr\u00f3nico y mercados financieros, con un proyecto final donde resalt\u00e9 fallos t\u00e9cnicos del sistema SITEL que pod\u00edan causar violaciones de derechos fundamentales. Con las metas claras, hice el m\u00e1ster en Derecho y negocio de las telecomunicaciones, internet y audiovisuales de Cremades &amp; Calvo-Sotelo, donde me qued\u00e9 un a\u00f1o como abogado especialista en telecomunicaciones y web compliance. Tambi\u00e9n, y como casi todos los graduados, tengo un m\u00e1ster en abogac\u00eda y practica jur\u00eddica de la Universidad Internacional de Valencia.<\/p>\n\n\n\n<p class=\"wp-block-paragraph\">De C&amp;CS salt\u00e9 a ECIJA, y ah\u00ed me apasion\u00e9 del lado m\u00e1s t\u00e9cnico. Aprend\u00ed a analizar jur\u00eddicamente softwares y negocios digitales, y adem\u00e1s realizar web compliance (aportando soluciones reales, y no s\u00f3lo repitiendo las normas). Sin embargo, no contento con la filosof\u00eda de los grandes despachos, un d\u00eda decid\u00ed emprender con mi propia marca en la Costa del Sol, donde quise crear un proyecto de asesoramiento jur\u00eddico y t\u00e9cnico a clientes inmersos en las nuevas tecnolog\u00edas, y desde donde mi especialic\u00e9 como DPD por Thomson Reuters Aranzadi.<\/p>\n\n\n\n<figure class=\"wp-block-image\"><img loading=\"lazy\" decoding=\"async\" width=\"1024\" height=\"683\" src=\"https:\/\/2019.valencia.wordcamp.org\/files\/2019\/09\/Foto-Equipo-Aktion-Legal-.-1024x683.jpg\" alt=\"\" class=\"wp-image-2550\" srcset=\"https:\/\/valencia.wordcamp.org\/2019\/files\/2019\/09\/Foto-Equipo-Aktion-Legal-.-1024x683.jpg 1024w, https:\/\/valencia.wordcamp.org\/2019\/files\/2019\/09\/Foto-Equipo-Aktion-Legal-.-300x200.jpg 300w, https:\/\/valencia.wordcamp.org\/2019\/files\/2019\/09\/Foto-Equipo-Aktion-Legal-.-768x512.jpg 768w, https:\/\/valencia.wordcamp.org\/2019\/files\/2019\/09\/Foto-Equipo-Aktion-Legal-.-450x300.jpg 450w\" sizes=\"auto, (max-width: 767px) 89vw, (max-width: 1000px) 54vw, (max-width: 1071px) 543px, 580px\" \/><\/figure>\n\n\n\n<p class=\"wp-block-paragraph\">Ahora, estoy en AKTION, un despacho de Valencia, que, con alma de grande est\u00e1 batiendo r\u00e9cords sirviendo excelencia, transparencia, y un trato cercano, todo ello mezclado con conocimientos hiperespecializados en mercantil, inversiones, fiscal, y por supuesto nuevas tecnolog\u00edas y privacidad.<\/p>\n\n\n\n<p class=\"wp-block-paragraph\">Redes sociales:                                                                                                                                       Twitter: <a href=\"https:\/\/twitter.com\/pviedmac_\">https:\/\/twitter.com\/pviedmac_<\/a><br>LinkedIn:&nbsp;<a rel=\"noreferrer noopener\" href=\"https:\/\/www.linkedin.com\/in\/pviedma\/\" target=\"_blank\">https:\/\/www.linkedin.com\/in\/pviedma\/<\/a><\/p>\n\n\n\n<p class=\"wp-block-paragraph\">Web:&nbsp;<a rel=\"noreferrer noopener\" href=\"https:\/\/www.aktionlegal.com\/equipo-aktion\/\" target=\"_blank\">https:\/\/www.aktionlegal.com\/equipo-aktion\/<\/a>&nbsp;AKTION<br>Blog:&nbsp;<a rel=\"noreferrer noopener\" href=\"https:\/\/www.aktionlegal.com\/category\/tech-privacy\/\" target=\"_blank\">https:\/\/www.aktionlegal.com\/category\/tech-privacy\/<\/a><\/p>\n","protected":false},"excerpt":{"rendered":"<p>\u00a1Hola! Soy un Abogado friki, apasionado de la innovaci\u00f3n, las nuevas tecnolog\u00edas y como no \u00a1Del Derecho! Me defino como un #changemaker, con alma de comunicador, al que le gusta estar en constante aprendizaje, y compartir conocimiento. Es por eso que me apunto a cualquier fiesta; y aunque sea mi primera vez en los WordCamp &hellip; <\/p>\n<p class=\"link-more\"><a href=\"https:\/\/valencia.wordcamp.org\/2019\/speaker\/pablo-viedma\/\" class=\"more-link\">Continuar leyendo<span class=\"screen-reader-text\"> \u00abPablo Viedma\u00bb<\/span><\/a><\/p>\n","protected":false},"author":15679009,"featured_media":0,"comment_status":"closed","ping_status":"closed","template":"","meta":{"_crdt_document":"","jetpack_post_was_ever_published":false,"_wcpt_user_name":"","footnotes":""},"speaker_group":[],"class_list":["post-1776","wcb_speaker","type-wcb_speaker","status-publish","hentry"],"jetpack_sharing_enabled":true,"jetpack_shortlink":"https:\/\/wp.me\/paMxYZ-sE","avatar_urls":{"24":"https:\/\/secure.gravatar.com\/avatar\/cb9fc5d8d12fab49b7b848c7370683e901145b9b8163cb1cb03105b4a17de3eb?s=24&d=mm&r=g","48":"https:\/\/secure.gravatar.com\/avatar\/cb9fc5d8d12fab49b7b848c7370683e901145b9b8163cb1cb03105b4a17de3eb?s=48&d=mm&r=g","96":"https:\/\/secure.gravatar.com\/avatar\/cb9fc5d8d12fab49b7b848c7370683e901145b9b8163cb1cb03105b4a17de3eb?s=96&d=mm&r=g","128":"https:\/\/secure.gravatar.com\/avatar\/cb9fc5d8d12fab49b7b848c7370683e901145b9b8163cb1cb03105b4a17de3eb?s=128&d=mm&r=g","256":"https:\/\/secure.gravatar.com\/avatar\/cb9fc5d8d12fab49b7b848c7370683e901145b9b8163cb1cb03105b4a17de3eb?s=256&d=mm&r=g","512":"https:\/\/secure.gravatar.com\/avatar\/cb9fc5d8d12fab49b7b848c7370683e901145b9b8163cb1cb03105b4a17de3eb?s=512&d=mm&r=g"},"_links":{"self":[{"href":"https:\/\/valencia.wordcamp.org\/2019\/wp-json\/wp\/v2\/speakers\/1776","targetHints":{"allow":["GET"]}}],"collection":[{"href":"https:\/\/valencia.wordcamp.org\/2019\/wp-json\/wp\/v2\/speakers"}],"about":[{"href":"https:\/\/valencia.wordcamp.org\/2019\/wp-json\/wp\/v2\/types\/wcb_speaker"}],"author":[{"embeddable":true,"href":"https:\/\/valencia.wordcamp.org\/2019\/wp-json\/wp\/v2\/users\/15679009"}],"replies":[{"embeddable":true,"href":"https:\/\/valencia.wordcamp.org\/2019\/wp-json\/wp\/v2\/comments?post=1776"}],"version-history":[{"count":11,"href":"https:\/\/valencia.wordcamp.org\/2019\/wp-json\/wp\/v2\/speakers\/1776\/revisions"}],"predecessor-version":[{"id":2557,"href":"https:\/\/valencia.wordcamp.org\/2019\/wp-json\/wp\/v2\/speakers\/1776\/revisions\/2557"}],"sessions":[{"embeddable":true,"href":"https:\/\/valencia.wordcamp.org\/2019\/wp-json\/wp\/v2\/sessions\/1771?_embed=1&context=view"}],"wp:attachment":[{"href":"https:\/\/valencia.wordcamp.org\/2019\/wp-json\/wp\/v2\/media?parent=1776"}],"wp:term":[{"taxonomy":"wcb_speaker_group","embeddable":true,"href":"https:\/\/valencia.wordcamp.org\/2019\/wp-json\/wp\/v2\/speaker_group?post=1776"}],"curies":[{"name":"wp","href":"https:\/\/api.w.org\/{rel}","templated":true}]}}