{"id":2376,"date":"2019-03-02T16:26:34","date_gmt":"2019-03-02T15:26:34","guid":{"rendered":"https:\/\/2019.valencia.wordcamp.org\/?post_type=wcb_sponsor&#038;p=2376"},"modified":"2019-10-13T10:53:28","modified_gmt":"2019-10-13T08:53:28","slug":"valencia-activa","status":"publish","type":"wcb_sponsor","link":"https:\/\/valencia.wordcamp.org\/2019\/sponsor\/valencia-activa\/","title":{"rendered":"Val\u00e8ncia Activa"},"content":{"rendered":"\n<p class=\"wp-block-paragraph\">Val\u00e8ncia Activa surge con el objetivo de coordinar las estructuras existentes en el Ayuntamiento de Val\u00e8ncia en materia de desarrollo econ\u00f3mico y empleo: el Servicio de Empleo y Emprendimiento y la&nbsp;<a href=\"http:\/\/fcvpe.es\/\" target=\"_blank\" aria-label=\"Fundaci\u00f3n Val\u00e8ncia Activa del Pacto para el Empleo de la Ciudad de Val\u00e8ncia - Comunitat Valenciana (opens in a new tab)\" rel=\"noreferrer noopener nofollow\">Fundaci\u00f3n Val\u00e8ncia Activa del Pacto para el Empleo de la Ciudad de Val\u00e8ncia &#8211; Comunitat Valenciana<\/a>, potenciando las sinergias y aprovechando las ventajas y oportunidades que nos ofrece la cooperaci\u00f3n y la capacidad de complementarse de ambas estructuras en un proyecto com\u00fan.<\/p>\n\n\n\n<p class=\"wp-block-paragraph\">Val\u00e8ncia Activa es un instrumento del Ayuntamiento de Val\u00e8ncia que cuenta con la participaci\u00f3n de los agentes econ\u00f3micos y sociales m\u00e1s representativos y tiene la misi\u00f3n de impulsar y coordinar las pol\u00edticas de empleo y desarrollo econ\u00f3mico local en la ciudad de Val\u00e8ncia, con una capacidad de actuaci\u00f3n r\u00e1pida y eficaz que garantiza un servicio de calidad a la ciudadan\u00eda y a las empresas. Val\u00e8ncia Activa se vertebra entorno a tres \u00e1reas: Empleo, Emprendimiento y Formaci\u00f3n.<\/p>\n\n\n\n<div class=\"wp-block-button aligncenter is-style-squared\"><a class=\"wp-block-button__link has-background\" href=\"http:\/\/valenciactiva.valencia.es\/es\" style=\"background-color:#007595\" rel=\"nofollow\">Ir a Val\u00e8ncia Activa<\/a><\/div>\n","protected":false},"excerpt":{"rendered":"<p>Val\u00e8ncia Activa surge con el objetivo de coordinar las estructuras existentes en el Ayuntamiento de Val\u00e8ncia en materia de desarrollo econ\u00f3mico y empleo: el Servicio de Empleo y Emprendimiento y la&nbsp;Fundaci\u00f3n Val\u00e8ncia Activa del Pacto para el Empleo de la Ciudad de Val\u00e8ncia &#8211; Comunitat Valenciana, potenciando las sinergias y aprovechando las ventajas y oportunidades &hellip; <\/p>\n<p class=\"link-more\"><a href=\"https:\/\/valencia.wordcamp.org\/2019\/sponsor\/valencia-activa\/\" class=\"more-link\">Continuar leyendo<span class=\"screen-reader-text\"> \u00abVal\u00e8ncia Activa\u00bb<\/span><\/a><\/p>\n","protected":false},"featured_media":2379,"template":"","meta":{"_crdt_document":"","jetpack_post_was_ever_published":false,"_wcpt_sponsor_website":"","footnotes":""},"sponsor_level":[10616],"class_list":["post-2376","wcb_sponsor","type-wcb_sponsor","status-publish","has-post-thumbnail","hentry","wcb_sponsor_level-platino"],"jetpack_sharing_enabled":true,"jetpack_shortlink":"https:\/\/wp.me\/paMxYZ-Ck","_links":{"self":[{"href":"https:\/\/valencia.wordcamp.org\/2019\/wp-json\/wp\/v2\/sponsors\/2376","targetHints":{"allow":["GET"]}}],"collection":[{"href":"https:\/\/valencia.wordcamp.org\/2019\/wp-json\/wp\/v2\/sponsors"}],"about":[{"href":"https:\/\/valencia.wordcamp.org\/2019\/wp-json\/wp\/v2\/types\/wcb_sponsor"}],"version-history":[{"count":4,"href":"https:\/\/valencia.wordcamp.org\/2019\/wp-json\/wp\/v2\/sponsors\/2376\/revisions"}],"predecessor-version":[{"id":3111,"href":"https:\/\/valencia.wordcamp.org\/2019\/wp-json\/wp\/v2\/sponsors\/2376\/revisions\/3111"}],"wp:featuredmedia":[{"embeddable":true,"href":"https:\/\/valencia.wordcamp.org\/2019\/wp-json\/wp\/v2\/media\/2379"}],"wp:attachment":[{"href":"https:\/\/valencia.wordcamp.org\/2019\/wp-json\/wp\/v2\/media?parent=2376"}],"wp:term":[{"taxonomy":"wcb_sponsor_level","embeddable":true,"href":"https:\/\/valencia.wordcamp.org\/2019\/wp-json\/wp\/v2\/sponsor_level?post=2376"}],"curies":[{"name":"wp","href":"https:\/\/api.w.org\/{rel}","templated":true}]}}